{"id":1320,"date":"2025-05-16T12:26:06","date_gmt":"2025-05-16T10:26:06","guid":{"rendered":"https:\/\/apelmunich.org\/?page_id=1320"},"modified":"2025-05-16T14:01:49","modified_gmt":"2025-05-16T12:01:49","slug":"mentions-legales","status":"publish","type":"page","link":"https:\/\/apelmunich.org\/?page_id=1320","title":{"rendered":"Mentions l\u00e9gales"},"content":{"rendered":"<p><strong><u>Adresse postale<\/u>\u00a0:\u00a0<\/strong><\/p>\n<p style=\"text-align: center;\"><strong>APELM e.V.\u00a0<\/strong><\/p>\n<p style=\"text-align: center;\"><strong>c\/o Lyc\u00e9e Jean Renoir<\/strong><\/p>\n<p style=\"text-align: center;\"><strong>Berlepschstr. 3<\/strong><\/p>\n<p style=\"text-align: center;\"><strong>81373 M\u00fcnchen\u00a0<\/strong><\/p>\n<p style=\"text-align: center;\"><a href=\"mailto:apelmunich@gmail.com\"><strong>apelmunich@gmail.com<\/strong><\/a><\/p>\n<p>\u00a0<\/p>\n\n\n<hr class=\"wp-block-separator has-alpha-channel-opacity\"\/>\n\n\n<p><u><strong>Directeur de publication<\/strong><\/u><span style=\"font-family: Arial, sans-serif;\"> : Le bureau de l&#8217;APELM\u00a0<\/span><\/p>\n<p><u><strong>H\u00e9bergement<\/strong><\/u> : IONOS SARL, 7, place de la Gare, BP 70109, 57201 Sarreguemines Cedex<\/p>\n<p><strong><u>Droit d\u00b4auteur &#8211; Copyright \u00a9<\/u> : <\/strong><strong>Ce site respecte le droit d&#8217;auteur. Tous les droits des auteurs des \u0153uvres prot\u00e9g\u00e9es reproduites et communiqu\u00e9es sur ce site, sont r\u00e9serv\u00e9s. Sauf\u00a0<\/strong><strong>autorisation, toute utilisation des \u0153uvres autres que la reproduction et la consultation individuelles et priv\u00e9es sont<\/strong>\u00a0<strong>interdites.<\/strong><\/p>\n<p><strong>Protection des donn\u00e9es personnelles :<\/strong><\/p>\n<ul>\n<li>Aucune information personnelle n&#8217;est collect\u00e9e \u00e0 votre insu<\/li>\n<\/ul>\n<ul>\n<li>Aucune information personnelle n\u00b4est transmise \u00e0 votre insu<\/li>\n<\/ul>\n\n\n<hr class=\"wp-block-separator has-alpha-channel-opacity\"\/>\n\n\n<div><strong>Afin de nous conformer au nouveau R\u00e8glement G\u00e9n\u00e9ral sur la Protection des Donn\u00e9es (RGPD) qui est entr\u00e9 en vigueur le 25 mai 2018, nous avons sollicit\u00e9 votre accord pour continuer \u00e0 vous adresser nos newsletters.<\/strong>\n<p>Vos donn\u00e9es personnelles (nom et adresse e-mail) seront enti\u00e8rement prot\u00e9g\u00e9es et exclusivement utilis\u00e9es pour l&#8217;envoi de nos newsletters et ne seront pas transmises \u00e0 des tiers sans votre autorisation expresse.\u00a0Sauf exception nous conservons vos donn\u00e9es pendant 10 ans.\u00a0<\/p>\n<p><strong><u>Si vous souhaitez continuer \u00e0 recevoir ces e-mails, aucune action n&#8217;est n\u00e9cessaire de votre part.<\/u><\/strong><\/p>\n<p>Si vous ne souhaitez plus recevoir ces informations, vous pouvez vous d\u00e9sinscrire en nous adressant un mail \u00e0\u00a0<a href=\"mailto:apelmunich@gmail.com\" target=\"_self\">apelmunich@gmail.com<\/a>. Si vous s<strong>ouhaitez modifier vos donn\u00e9es personnelles, vous pouvez \u00e9galement nous \u00e9crire \u00e0 cette adresse.\u00a0<\/strong><\/p>\n<\/div>","protected":false},"excerpt":{"rendered":"<p>Adresse postale\u00a0:\u00a0 APELM e.V.\u00a0 c\/o Lyc\u00e9e Jean Renoir Berlepschstr. 3 81373 M\u00fcnchen\u00a0 apelmunich@gmail.com \u00a0 Directeur de publication : Le bureau de l&#8217;APELM\u00a0 H\u00e9bergement : IONOS SARL, 7, place de la Gare, BP 70109, 57201 Sarreguemines Cedex Droit d\u00b4auteur &#8211; Copyright \u00a9 : Ce site respecte le droit d&#8217;auteur. Tous les droits des auteurs des \u0153uvres&hellip; <br \/> <a class=\"read-more\" href=\"https:\/\/apelmunich.org\/?page_id=1320\">Lire la suite<\/a><\/p>\n","protected":false},"author":2,"featured_media":0,"parent":0,"menu_order":0,"comment_status":"closed","ping_status":"closed","template":"","meta":{"footnotes":""},"class_list":["post-1320","page","type-page","status-publish","hentry"],"_links":{"self":[{"href":"https:\/\/apelmunich.org\/index.php?rest_route=\/wp\/v2\/pages\/1320","targetHints":{"allow":["GET"]}}],"collection":[{"href":"https:\/\/apelmunich.org\/index.php?rest_route=\/wp\/v2\/pages"}],"about":[{"href":"https:\/\/apelmunich.org\/index.php?rest_route=\/wp\/v2\/types\/page"}],"author":[{"embeddable":true,"href":"https:\/\/apelmunich.org\/index.php?rest_route=\/wp\/v2\/users\/2"}],"replies":[{"embeddable":true,"href":"https:\/\/apelmunich.org\/index.php?rest_route=%2Fwp%2Fv2%2Fcomments&post=1320"}],"version-history":[{"count":14,"href":"https:\/\/apelmunich.org\/index.php?rest_route=\/wp\/v2\/pages\/1320\/revisions"}],"predecessor-version":[{"id":1356,"href":"https:\/\/apelmunich.org\/index.php?rest_route=\/wp\/v2\/pages\/1320\/revisions\/1356"}],"wp:attachment":[{"href":"https:\/\/apelmunich.org\/index.php?rest_route=%2Fwp%2Fv2%2Fmedia&parent=1320"}],"curies":[{"name":"wp","href":"https:\/\/api.w.org\/{rel}","templated":true}]}}