{"id":154,"date":"2025-04-23T14:01:38","date_gmt":"2025-04-23T12:01:38","guid":{"rendered":"https:\/\/apelmunich.org\/?page_id=154"},"modified":"2026-02-09T16:37:13","modified_gmt":"2026-02-09T15:37:13","slug":"fapee","status":"publish","type":"page","link":"https:\/\/apelmunich.org\/?page_id=154","title":{"rendered":"La FAP\u00c9E"},"content":{"rendered":"\n<h3 class=\"wp-block-heading has-text-color has-link-color wp-elements-4524efc05f60f28d803310919976f145\" style=\"color:#000000b5\"><strong>L&#8217;APELM est affili\u00e9e \u00e0 la FAP\u00c9E<\/strong><\/h3>\n\n\n\n<p class=\"has-text-color has-link-color wp-elements-830aa2fb2593af9a3bf67fdfc6004823\" style=\"color:#000000b5\">Chers Parents,<\/p>\n\n\n\n<p class=\"has-text-color has-link-color wp-elements-994e5760338e50894e0ebdd7d415a35b\" style=\"color:#000000b5\">Pour jouer un r\u00f4le dans la d\u00e9finition de la politique de l\u2019enseignement fran\u00e7ais \u00e0 l\u2019\u00e9tranger, pour \u00eatre repr\u00e9sent\u00e9es dans les divers organismes et les structures pr\u00e9vues par les textes et pour \u00eatre r\u00e9guli\u00e8rement consult\u00e9es, les organisations de Parents d\u2019\u00c9l\u00e8ves des \u00e9tablissements fran\u00e7ais de l\u2019\u00e9tranger doivent adh\u00e9rer \u00e0 une f\u00e9d\u00e9ration reconnue. Il en existe plusieurs, dont une seule a pour but&nbsp;de ne repr\u00e9senter que les APE de l\u2019\u00e9tranger&nbsp;: la&nbsp;<strong><a href=\"http:\/\/fapee.com\/\" target=\"_blank\" rel=\"noreferrer noopener\">FAP\u00c9E<\/a><\/strong>.<\/p>\n\n\n\n<p class=\"has-text-color has-link-color wp-elements-9d0718d16494e02e9cfa89eb6043cda8\" style=\"color:#000000b5\"><strong>Pr\u00e9sentation de la FAP\u00c9E<\/strong><\/p>\n\n\n\n<p class=\"has-text-color has-link-color wp-elements-446aa3644de22451ce8b95a574af51ba\" style=\"color:#000000b5\">La FAP\u00c9E a \u00e9t\u00e9 cr\u00e9\u00e9e en 1980 avec le but de ne repr\u00e9senter que des Associations de Parents d\u2019El\u00e8ves (APE) de l\u2019\u00e9tranger. Ceci permet de mieux tenir compte des probl\u00e8mes souvent tr\u00e8s sp\u00e9cifiques des \u00e9tablissements \u00e0 l\u2019\u00e9tranger. En outre les statuts de la FAP\u00c9E pr\u00e9voient que :<\/p>\n\n\n\n<p class=\"has-text-color has-link-color wp-elements-1c70b05ccced75c525cece18aa5ea219\" style=\"color:#000000b5\"><em>&#8220;Les nombreux parents \u00e9trangers qui font confiance au syst\u00e8me \u00e9ducatif fran\u00e7ais sont en droit de trouver une structure d\u2019accueil, de dialogue et d\u2019\u00e9change dans une f\u00e9d\u00e9ration sp\u00e9cifique, ind\u00e9pendante de tout mouvement politique, syndical ou religieux, \u00e0 l\u2019abri des clivages m\u00e9tropolitains.&#8221;<\/em><\/p>\n\n\n\n<p class=\"has-text-color has-link-color wp-elements-e9cda7d67bfc8a8e256d84546d1012e7\" style=\"color:#000000b5\">Depuis 1985 la FAP\u00c9E est reconnue d\u2019utilit\u00e9 publique et son int\u00e9r\u00eat n\u2019a fait qu\u2019augmenter. Elle repr\u00e9sente les parents d\u2019\u00e9l\u00e8ves entre autres au Conseil d\u2019Administration de l\u2019Agence pour l\u2019Enseignement Fran\u00e7ais \u00e0 l\u2019Etranger (AEFE), \u00e9tablissement de tutelle de notre \u00e9cole, et \u00e0 la Commission Nationale des Bourses.<\/p>\n\n\n\n<p class=\"has-text-color has-link-color wp-elements-69205eb3c58b67ebd2fa945caecf23cd\" style=\"color:#000000b5\">Elle oeuvre pour :<\/p>\n\n\n\n<ul class=\"wp-block-list\">\n<li class=\"has-text-color has-link-color wp-elements-d99ef998acc5223ce59ed33a70d6136d\" style=\"color:#000000b5\">le maintien et l\u2019am\u00e9lioration de la qualit\u00e9 de l\u2019enseignement fran\u00e7ais de l\u2019\u00e9tranger ;<\/li>\n\n\n\n<li class=\"has-text-color has-link-color wp-elements-52f253d8c295892e12fff6b64df0c07c\" style=\"color:#000000b5\">l\u2019all\u00e8gement des charges financi\u00e8res support\u00e9es par les familles ;<\/li>\n\n\n\n<li class=\"has-text-color has-link-color wp-elements-9518527f7ccb9b762015747ab4f0a824\" style=\"color:#000000b5\">l\u2019augmentation des cr\u00e9dits de fonctionnement et d\u2019\u00e9quipement accord\u00e9s aux \u00e9tablissements ;<\/li>\n\n\n\n<li class=\"has-text-color has-link-color wp-elements-07e89b61eef832797a8cc55520ce9339\" style=\"color:#000000b5\">la formation continue du corps enseignant ;<\/li>\n\n\n\n<li class=\"has-text-color has-link-color wp-elements-ca846e09df360348d4a915d36273b1ae\" style=\"color:#000000b5\">la pr\u00e9paration \u00e0 l\u2019expatriation du personnel d\u00e9tach\u00e9 ;<\/li>\n\n\n\n<li class=\"has-text-color has-link-color wp-elements-ab57d6cb67ddbc8edf6ae12ea0c39367\" style=\"color:#000000b5\">l\u2019ouverture sur la langue et la culture du pays d\u2019accueil ;<\/li>\n\n\n\n<li class=\"has-text-color has-link-color wp-elements-786fdfb246b7b3bbcb53d5bb3f750e11\" style=\"color:#000000b5\">la reconnaissance et l\u2019\u00e9quivalence des dipl\u00f4mes ;<\/li>\n\n\n\n<li class=\"has-text-color has-link-color wp-elements-c83bd0aea8512dd7b236aee3efbc247d\" style=\"color:#000000b5\">une v\u00e9ritable participation des parents \u00e0 la vie de l\u2019\u00e9tablissement ;<\/li>\n\n\n\n<li class=\"has-text-color has-link-color wp-elements-748bb5233ac474e1ba315ef2f450b697\" style=\"color:#000000b5\">le d\u00e9veloppement des services (livres, \u00e9changes linguistiques et culturels, jumelages d\u2019\u00e9tablissements).<\/li>\n<\/ul>\n\n\n\n<p class=\"has-text-color has-link-color wp-elements-e0ea52d666d97e6151e89f9ac7499dea\" style=\"color:#000000b5\">Voici l\u2019aspect &#8220;officiel&#8221; de la FAP\u00c9E. Pour nous parents engag\u00e9s \u00e0 l\u2019UNION, ce partenariat est devenu un dialogue continu. Nous trouvons la FAP\u00c9E \u00e0 l\u2019\u00e9coute pour le moindre d\u00e9tail de la vie scolaire, elle nous a d\u00e9j\u00e0 trouv\u00e9 des solutions \u00e0 bien des probl\u00e8mes et enrichi notre \u00e9ventail possible d\u2019actions (rappelez-vous de certains probl\u00e8mes d\u2019assurance scolaire, ou du probl\u00e8me des Bourses scolaires, et de l\u2019\u00e9ternel souci des locaux\u2026 sans parler de la reconnaissance du Bac en Bavi\u00e8re et de la transcription des notes).<\/p>\n\n\n\n<p class=\"has-text-color has-link-color wp-elements-a54b9108eb68f495104104198896b476\" style=\"color:#000000b5\">Pour les &#8220;anciens&#8221; parmi nous, la FAP\u00c9E n\u2019est plus un lointain bureau officiel, mais un endroit d\u2019accueil chaleureux et plein d\u2019int\u00e9r\u00eat, et je crois que cet aspect humain d\u2019un organe officiel m\u00e9rite d\u2019\u00eatre mentionn\u00e9 avec tous nos remerciements !<\/p>\n\n\n\n<div style=\"height:32px\" aria-hidden=\"true\" class=\"wp-block-spacer\"><\/div>\n\n\n\n<div class=\"wp-block-buttons is-content-justification-center is-layout-flex wp-container-core-buttons-is-layout-16018d1d wp-block-buttons-is-layout-flex\">\n<div class=\"wp-block-button ombre is-style-fill\"><a class=\"wp-block-button__link has-white-color has-vivid-cyan-blue-background-color has-text-color has-background has-link-color wp-element-button\" href=\"http:\/\/fapee.com\/\" style=\"border-radius:0px\" target=\"_blank\" rel=\"noreferrer noopener\">Le site de la FAP\u00c9E<\/a><\/div>\n<\/div>\n\n\n\n<div style=\"height:32px\" aria-hidden=\"true\" class=\"wp-block-spacer\"><\/div>\n\n\n\n<div class=\"wp-block-buttons is-content-justification-center is-layout-flex wp-container-core-buttons-is-layout-16018d1d wp-block-buttons-is-layout-flex\">\n<div class=\"wp-block-button ombre is-style-fill\"><a class=\"wp-block-button__link has-white-color has-vivid-cyan-blue-background-color has-text-color has-background has-link-color wp-element-button\" href=\"https:\/\/apelmunich.org\/wp-content\/uploads\/2025\/05\/guide_du_parent_deleve-_egd-conventionne__v2023-09-03.pdf\" style=\"border-radius:0px\" target=\"_blank\" rel=\"noreferrer noopener\">Le guide du parent d\u00b4\u00e9l\u00e8ve FAP\u00c9E<\/a><\/div>\n<\/div>\n\n\n\n<p><\/p>\n","protected":false},"excerpt":{"rendered":"<p>L&#8217;APELM est affili\u00e9e \u00e0 la FAP\u00c9E Chers Parents, Pour jouer un r\u00f4le dans la d\u00e9finition de la politique de l\u2019enseignement fran\u00e7ais \u00e0 l\u2019\u00e9tranger, pour \u00eatre repr\u00e9sent\u00e9es dans les divers organismes et les structures pr\u00e9vues par les textes et pour \u00eatre r\u00e9guli\u00e8rement consult\u00e9es, les organisations de Parents d\u2019\u00c9l\u00e8ves des \u00e9tablissements fran\u00e7ais de l\u2019\u00e9tranger doivent adh\u00e9rer \u00e0&hellip; <br \/> <a class=\"read-more\" href=\"https:\/\/apelmunich.org\/?page_id=154\">Lire la suite<\/a><\/p>\n","protected":false},"author":2,"featured_media":0,"parent":0,"menu_order":0,"comment_status":"closed","ping_status":"closed","template":"","meta":{"footnotes":""},"class_list":["post-154","page","type-page","status-publish","hentry"],"_links":{"self":[{"href":"https:\/\/apelmunich.org\/index.php?rest_route=\/wp\/v2\/pages\/154","targetHints":{"allow":["GET"]}}],"collection":[{"href":"https:\/\/apelmunich.org\/index.php?rest_route=\/wp\/v2\/pages"}],"about":[{"href":"https:\/\/apelmunich.org\/index.php?rest_route=\/wp\/v2\/types\/page"}],"author":[{"embeddable":true,"href":"https:\/\/apelmunich.org\/index.php?rest_route=\/wp\/v2\/users\/2"}],"replies":[{"embeddable":true,"href":"https:\/\/apelmunich.org\/index.php?rest_route=%2Fwp%2Fv2%2Fcomments&post=154"}],"version-history":[{"count":36,"href":"https:\/\/apelmunich.org\/index.php?rest_route=\/wp\/v2\/pages\/154\/revisions"}],"predecessor-version":[{"id":2064,"href":"https:\/\/apelmunich.org\/index.php?rest_route=\/wp\/v2\/pages\/154\/revisions\/2064"}],"wp:attachment":[{"href":"https:\/\/apelmunich.org\/index.php?rest_route=%2Fwp%2Fv2%2Fmedia&parent=154"}],"curies":[{"name":"wp","href":"https:\/\/api.w.org\/{rel}","templated":true}]}}