{"id":362,"date":"2025-05-06T12:20:28","date_gmt":"2025-05-06T10:20:28","guid":{"rendered":"https:\/\/apelmunich.org\/?page_id=362"},"modified":"2026-02-05T21:24:19","modified_gmt":"2026-02-05T20:24:19","slug":"informations-pour-les-delegues","status":"publish","type":"page","link":"https:\/\/apelmunich.org\/?page_id=362","title":{"rendered":"Informations pour les d\u00e9l\u00e9gu\u00e9s"},"content":{"rendered":"\t\t<div data-elementor-type=\"wp-page\" data-elementor-id=\"362\" class=\"elementor elementor-362\">\n\t\t\t\t<div class=\"elementor-element elementor-element-e0b96a2 e-flex e-con-boxed e-con e-parent\" data-id=\"e0b96a2\" data-element_type=\"container\" data-e-type=\"container\">\n\t\t\t\t\t<div class=\"e-con-inner\">\n\t\t\t\t<div class=\"elementor-element elementor-element-b276f69 elementor-widget elementor-widget-text-editor\" data-id=\"b276f69\" data-element_type=\"widget\" data-e-type=\"widget\" data-widget_type=\"text-editor.default\">\n\t\t\t\t<div class=\"elementor-widget-container\">\n\t\t\t\t\t\t\t\t\t<p><strong>Chers d\u00e9l\u00e9gu\u00e9s,\u00a0<\/strong><\/p><p><strong>vous trouverez ici des \u00e9l\u00e9ments pour vous aider \u00e0 faire face \u00e0 votre mission de d\u00e9l\u00e9gu\u00e9 &#8211; en particulier dans le cadre des conseils de classe.\u00a0<\/strong><\/p><p><strong>Pour toutes questions, n&#8217;h\u00e9sitez pas \u00e0 contacter le bureau de l&#8217;APELM \u00e0\u00a0<a href=\"mailto:apelmunich@gmail.com\" target=\"_self\">apelmunich@gmail.com<\/a><\/strong><\/p><p><strong>Merci<\/strong><\/p><p><strong>Le bureau de l&#8217;APELM<\/strong><\/p>\t\t\t\t\t\t\t\t<\/div>\n\t\t\t\t<\/div>\n\t\t\t\t\t<\/div>\n\t\t\t\t<\/div>\n\t\t<div class=\"elementor-element elementor-element-5f73da2 e-flex e-con-boxed e-con e-parent\" data-id=\"5f73da2\" data-element_type=\"container\" data-e-type=\"container\">\n\t\t\t\t\t<div class=\"e-con-inner\">\n\t\t\t\t<div class=\"elementor-element elementor-element-a535f63 elementor-widget-divider--view-line elementor-widget elementor-widget-divider\" data-id=\"a535f63\" data-element_type=\"widget\" data-e-type=\"widget\" data-widget_type=\"divider.default\">\n\t\t\t\t<div class=\"elementor-widget-container\">\n\t\t\t\t\t\t\t<div class=\"elementor-divider\">\n\t\t\t<span class=\"elementor-divider-separator\">\n\t\t\t\t\t\t<\/span>\n\t\t<\/div>\n\t\t\t\t\t\t<\/div>\n\t\t\t\t<\/div>\n\t\t\t\t\t<\/div>\n\t\t\t\t<\/div>\n\t\t<div class=\"elementor-element elementor-element-433ce5b e-flex e-con-boxed e-con e-parent\" data-id=\"433ce5b\" data-element_type=\"container\" data-e-type=\"container\">\n\t\t\t\t\t<div class=\"e-con-inner\">\n\t\t\t\t<div class=\"elementor-element elementor-element-f930ca0 elementor-widget elementor-widget-text-editor\" data-id=\"f930ca0\" data-element_type=\"widget\" data-e-type=\"widget\" data-widget_type=\"text-editor.default\">\n\t\t\t\t<div class=\"elementor-widget-container\">\n\t\t\t\t\t\t\t\t\t<p>Les parents d&#8217;une classe sont repr\u00e9sent\u00e9s aupr\u00e8s de la communaut\u00e9 scolaire par deux\u00a0d\u00e9l\u00e9gu\u00e9(e)s titulaires et deux suppl\u00e9ants.<\/p><div>Les parents d\u00e9l\u00e9gu\u00e9s sont tout au long de l\u2019ann\u00e9e les\u00a0<strong>interlocuteurs privil\u00e9gi\u00e9s des parents de la classe<\/strong>, pour recueillir leurs questions et remarques.\u00a0<\/div><div>Le r\u00f4le principal des d\u00e9l\u00e9gu\u00e9s parents au secondaire est la\u00a0<strong>participation aux r\u00e9unions du conseil de classe (CDC)<\/strong>, qui ont lieu chaque fin de trimestre. Ils sont \u00e9galement l&#8217;interm\u00e9diaire entre les classes et l&#8217;association de parents d&#8217;\u00e9l\u00e8ves pour faire remonter les sujets \u00e0 traiter avec la direction du Lyc\u00e9e Jean Renoir lors des instances officielles (comme le CE ou le Conseil du Second degr\u00e9).<\/div><p>Le conseil de classe est plac\u00e9 sous la pr\u00e9sidence du Proviseur, du Proviseur Adjoint ou du Conseiller Principal d&#8217;Education (CPE) et comprend:<\/p><ul><li>les membres de l&#8217;\u00e9quipe p\u00e9dagogique de la classe concern\u00e9e<\/li><li>les deux d\u00e9l\u00e9gu\u00e9s des parents de la classe<\/li><li>les deux d\u00e9l\u00e9gu\u00e9s des \u00e9l\u00e8ves.<\/li><\/ul><p>Pendant cette r\u00e9union, la situation de la classe est examin\u00e9e dans son ensemble, ainsi que les r\u00e9sultats de chacun des \u00e9l\u00e8ves. Le Professeur principal propose une appr\u00e9ciation d&#8217;ensemble d\u00e9velopp\u00e9e et argument\u00e9e, qui soit le reflet le plus complet des r\u00e9sultats et efforts de chaque \u00e9l\u00e8ve.<\/p><p>Les d\u00e9l\u00e9gu\u00e9s parents r\u00e9sument la discussion g\u00e9n\u00e9rale, les remarques des d\u00e9l\u00e9gu\u00e9s \u00e9l\u00e8ves et parents et les r\u00e9ponses qui leur ont \u00e9t\u00e9 apport\u00e9es dans un\u00a0<span style=\"color: #ff0000;\"><strong>compte-rendu du CDC, qui sera communiqu\u00e9 au Pr\u00e9sident du Conseil de Classe<\/strong><\/span>\u00a0 puis aux parents de la classe avec le bulletin de leur enfant.\u00a0<\/p><div>Ils se tiennent \u00e0 la disposition des parents de la classe pour leur fournir les d\u00e9tails de la discussion concernant leur enfant.<\/div>\t\t\t\t\t\t\t\t<\/div>\n\t\t\t\t<\/div>\n\t\t\t\t\t<\/div>\n\t\t\t\t<\/div>\n\t\t<div class=\"elementor-element elementor-element-9220a6f e-flex e-con-boxed e-con e-parent\" data-id=\"9220a6f\" data-element_type=\"container\" data-e-type=\"container\">\n\t\t\t\t\t<div class=\"e-con-inner\">\n\t\t<div class=\"elementor-element elementor-element-2f9beb6 e-con-full e-flex e-con e-child\" data-id=\"2f9beb6\" data-element_type=\"container\" data-e-type=\"container\">\n\t\t\t\t<div class=\"elementor-element elementor-element-40ee09f elementor-widget__width-initial e-transform elementor-invisible elementor-widget elementor-widget-button\" data-id=\"40ee09f\" data-element_type=\"widget\" data-e-type=\"widget\" data-settings=\"{&quot;_animation&quot;:&quot;zoomIn&quot;,&quot;_transform_scale_effect_hover&quot;:{&quot;unit&quot;:&quot;px&quot;,&quot;size&quot;:1.5,&quot;sizes&quot;:[]},&quot;_transform_scale_effect_hover_tablet&quot;:{&quot;unit&quot;:&quot;px&quot;,&quot;size&quot;:&quot;&quot;,&quot;sizes&quot;:[]},&quot;_transform_scale_effect_hover_mobile&quot;:{&quot;unit&quot;:&quot;px&quot;,&quot;size&quot;:&quot;&quot;,&quot;sizes&quot;:[]}}\" data-widget_type=\"button.default\">\n\t\t\t\t<div class=\"elementor-widget-container\">\n\t\t\t\t\t\t\t\t\t<div class=\"elementor-button-wrapper\">\n\t\t\t\t\t<a class=\"elementor-button elementor-button-link elementor-size-sm\" href=\"https:\/\/apelmunich.org\/wp-content\/uploads\/2025\/05\/Le-role-des-parents-delegues-VF-261021-1.pdf\" target=\"_blank\">\n\t\t\t\t\t\t<span class=\"elementor-button-content-wrapper\">\n\t\t\t\t\t\t\t\t\t<span class=\"elementor-button-text\">Le r\u00f4le des parents d\u00e9l\u00e9gu\u00e9s<\/span>\n\t\t\t\t\t<\/span>\n\t\t\t\t\t<\/a>\n\t\t\t\t<\/div>\n\t\t\t\t\t\t\t\t<\/div>\n\t\t\t\t<\/div>\n\t\t\t\t<\/div>\n\t\t<div class=\"elementor-element elementor-element-5967d26 e-con-full e-flex e-con e-child\" data-id=\"5967d26\" data-element_type=\"container\" data-e-type=\"container\">\n\t\t\t\t<div class=\"elementor-element elementor-element-ec69a1e elementor-widget__width-initial elementor-widget elementor-widget-text-editor\" data-id=\"ec69a1e\" data-element_type=\"widget\" data-e-type=\"widget\" data-widget_type=\"text-editor.default\">\n\t\t\t\t<div class=\"elementor-widget-container\">\n\t\t\t\t\t\t\t\t\t<p><strong>Le r\u00f4le des d\u00e9l\u00e9gu\u00e9s parents dans l\u00b4enseignement secondaire<\/strong><\/p>\t\t\t\t\t\t\t\t<\/div>\n\t\t\t\t<\/div>\n\t\t\t\t<\/div>\n\t\t\t\t\t<\/div>\n\t\t\t\t<\/div>\n\t\t<div class=\"elementor-element elementor-element-dd84b10 e-flex e-con-boxed e-con e-parent\" data-id=\"dd84b10\" data-element_type=\"container\" data-e-type=\"container\">\n\t\t\t\t\t<div class=\"e-con-inner\">\n\t\t<div class=\"elementor-element elementor-element-40e5b05 e-con-full e-flex e-con e-child\" data-id=\"40e5b05\" data-element_type=\"container\" data-e-type=\"container\">\n\t\t\t\t<div class=\"elementor-element elementor-element-fbf60ec elementor-widget__width-initial e-transform elementor-invisible elementor-widget elementor-widget-button\" data-id=\"fbf60ec\" data-element_type=\"widget\" data-e-type=\"widget\" data-settings=\"{&quot;_animation&quot;:&quot;zoomIn&quot;,&quot;_transform_scale_effect_hover&quot;:{&quot;unit&quot;:&quot;px&quot;,&quot;size&quot;:1.5,&quot;sizes&quot;:[]},&quot;_transform_scale_effect_hover_tablet&quot;:{&quot;unit&quot;:&quot;px&quot;,&quot;size&quot;:&quot;&quot;,&quot;sizes&quot;:[]},&quot;_transform_scale_effect_hover_mobile&quot;:{&quot;unit&quot;:&quot;px&quot;,&quot;size&quot;:&quot;&quot;,&quot;sizes&quot;:[]}}\" data-widget_type=\"button.default\">\n\t\t\t\t<div class=\"elementor-widget-container\">\n\t\t\t\t\t\t\t\t\t<div class=\"elementor-button-wrapper\">\n\t\t\t\t\t<a class=\"elementor-button elementor-button-link elementor-size-sm\" href=\"https:\/\/apelmunich.org\/wp-content\/uploads\/2025\/05\/Role-parents-delegues-LJR-1.pdf\" target=\"_blank\">\n\t\t\t\t\t\t<span class=\"elementor-button-content-wrapper\">\n\t\t\t\t\t\t\t\t\t<span class=\"elementor-button-text\">Parents d\u00e9l\u00e9gu\u00e9s<\/span>\n\t\t\t\t\t<\/span>\n\t\t\t\t\t<\/a>\n\t\t\t\t<\/div>\n\t\t\t\t\t\t\t\t<\/div>\n\t\t\t\t<\/div>\n\t\t\t\t<\/div>\n\t\t<div class=\"elementor-element elementor-element-92e9fe5 e-con-full e-flex e-con e-child\" data-id=\"92e9fe5\" data-element_type=\"container\" data-e-type=\"container\">\n\t\t\t\t<div class=\"elementor-element elementor-element-043faad elementor-widget elementor-widget-text-editor\" data-id=\"043faad\" data-element_type=\"widget\" data-e-type=\"widget\" data-widget_type=\"text-editor.default\">\n\t\t\t\t<div class=\"elementor-widget-container\">\n\t\t\t\t\t\t\t\t\t<p><strong>Parents d\u00e9l\u00e9gu\u00e9s du lyc\u00e9e Jean Renoir<\/strong><\/p>\t\t\t\t\t\t\t\t<\/div>\n\t\t\t\t<\/div>\n\t\t\t\t<\/div>\n\t\t\t\t\t<\/div>\n\t\t\t\t<\/div>\n\t\t\t\t<\/div>\n\t\t","protected":false},"excerpt":{"rendered":"<p>Chers d\u00e9l\u00e9gu\u00e9s,\u00a0 vous trouverez ici des \u00e9l\u00e9ments pour vous aider \u00e0 faire face \u00e0 votre mission de d\u00e9l\u00e9gu\u00e9 &#8211; en particulier dans le cadre des conseils de classe.\u00a0 Pour toutes questions, n&#8217;h\u00e9sitez pas \u00e0 contacter le bureau de l&#8217;APELM \u00e0\u00a0apelmunich@gmail.com Merci Le bureau de l&#8217;APELM Les parents d&#8217;une classe sont repr\u00e9sent\u00e9s aupr\u00e8s de la communaut\u00e9&hellip; <br \/> <a class=\"read-more\" href=\"https:\/\/apelmunich.org\/?page_id=362\">Lire la suite<\/a><\/p>\n","protected":false},"author":2,"featured_media":0,"parent":0,"menu_order":0,"comment_status":"closed","ping_status":"closed","template":"","meta":{"footnotes":""},"class_list":["post-362","page","type-page","status-publish","hentry"],"_links":{"self":[{"href":"https:\/\/apelmunich.org\/index.php?rest_route=\/wp\/v2\/pages\/362","targetHints":{"allow":["GET"]}}],"collection":[{"href":"https:\/\/apelmunich.org\/index.php?rest_route=\/wp\/v2\/pages"}],"about":[{"href":"https:\/\/apelmunich.org\/index.php?rest_route=\/wp\/v2\/types\/page"}],"author":[{"embeddable":true,"href":"https:\/\/apelmunich.org\/index.php?rest_route=\/wp\/v2\/users\/2"}],"replies":[{"embeddable":true,"href":"https:\/\/apelmunich.org\/index.php?rest_route=%2Fwp%2Fv2%2Fcomments&post=362"}],"version-history":[{"count":85,"href":"https:\/\/apelmunich.org\/index.php?rest_route=\/wp\/v2\/pages\/362\/revisions"}],"predecessor-version":[{"id":1931,"href":"https:\/\/apelmunich.org\/index.php?rest_route=\/wp\/v2\/pages\/362\/revisions\/1931"}],"wp:attachment":[{"href":"https:\/\/apelmunich.org\/index.php?rest_route=%2Fwp%2Fv2%2Fmedia&parent=362"}],"curies":[{"name":"wp","href":"https:\/\/api.w.org\/{rel}","templated":true}]}}