{"id":366,"date":"2025-05-06T12:21:11","date_gmt":"2025-05-06T10:21:11","guid":{"rendered":"https:\/\/apelmunich.org\/?page_id=366"},"modified":"2026-04-17T07:36:51","modified_gmt":"2026-04-17T06:36:51","slug":"soutien-scolaire","status":"publish","type":"page","link":"https:\/\/apelmunich.org\/?page_id=366","title":{"rendered":"Soutien scolaire"},"content":{"rendered":"\n<div class=\"wp-block-media-text is-stacked-on-mobile\" style=\"grid-template-columns:33% auto\"><figure class=\"wp-block-media-text__media\"><img fetchpriority=\"high\" decoding=\"async\" width=\"512\" height=\"512\" src=\"https:\/\/apelmunich.org\/wp-content\/uploads\/2025\/05\/Soutient-5.png\" alt=\"\" class=\"wp-image-1307 size-full\" srcset=\"https:\/\/apelmunich.org\/wp-content\/uploads\/2025\/05\/Soutient-5.png 512w, https:\/\/apelmunich.org\/wp-content\/uploads\/2025\/05\/Soutient-5-300x300.png 300w, https:\/\/apelmunich.org\/wp-content\/uploads\/2025\/05\/Soutient-5-150x150.png 150w\" sizes=\"(max-width: 512px) 100vw, 512px\" \/><\/figure><div class=\"wp-block-media-text__content\">\n<p><\/p>\n\n\n\n<h3>Votre espace pour les petites annonces de recherche et d&#8217;offre de soutien scolaire ou autre demande pertinente.\u00a0<\/h3>\n<h3>Pour publier une annonce, envoyez-nous votre texte complet \u00e0 <a href=\"mailto:apelmunich@gmail.com\">apelmunich@gmail.com<\/a><\/h3>\n<\/div><\/div>\n\n\n\n<div style=\"height:57px\" aria-hidden=\"true\" class=\"wp-block-spacer\"><\/div>\n\n\n\n<hr class=\"wp-block-separator has-alpha-channel-opacity\"\/>\n\n\n\n<p><strong>RECHERCHES<\/strong><\/p>\n\n\n\n<div style=\"height:58px\" aria-hidden=\"true\" class=\"wp-block-spacer\"><\/div>\n\n\n\n<hr class=\"wp-block-separator has-alpha-channel-opacity\"\/>\n\n\n\n<p><strong>OFFRES<\/strong><\/p>\n\n\n<p><strong>Boris Bachmann<\/strong> -Professeur de math\u00e9matiques pour cours particuliers &#8211; Annonce publi\u00e9e en avril 2026<\/p>\n<p>Je suis professeur de math\u00e9matiques et je donne des cours particuliers depuis 6 ans \u00e0 des \u00e9l\u00e8ves du lyc\u00e9e Fran\u00e7ais.\u00a0<br \/><br \/>Si vous recherchez un professeur de math\u00e9matiques particulier, vous pouvez me contacter \u00e0 mon adresse email : <a href=\"mailto:bachmann.boris@gmail.com\" target=\"_blank\" rel=\"noopener\">bachmann.boris@gmail.com<\/a><br \/><br \/>J&#8217;ai 33 ans. J&#8217;ai effectu\u00e9 une pr\u00e9pa math sup\/sp\u00e9. Je d\u00e9tiens un master du centre de recherche de statistiques de la Sorbonne \u00e0 Paris et le titre de statisticien. J\u2019ai exerc\u00e9 dans plusieurs entreprises financi\u00e8res fran\u00e7aises et anglaises en tant qu\u2019expert en probabilit\u00e9s avant de me reconvertir comme professeur de math\u00e9matiques il y a 6 ans.<\/p>\n<p>Bien \u00e0 vous,<\/p>\n<p>Boris Bachmann<\/p>\n\n\n<hr class=\"wp-block-separator has-alpha-channel-opacity\"\/>\n\n\n<p class=\"iw gFxsud\"><span class=\"qu\" tabindex=\"-1\" role=\"gridcell\" translate=\"no\"><span class=\"gD\" data-hovercard-id=\"imendezdumas@gmail.com\" data-hovercard-owner-id=\"12\"><strong>Ignacio M\u00e9ndez Dumas<\/strong> &#8211; Professeur de lyc\u00e9e propose des stages intensifs de pr\u00e9paration au Bac \/ Brevet (Maths, Physique, SVT) &#8211; Annonce publi\u00e9e en mars 2026<\/span><\/span><\/p>\n<p><b>Professeur de Terminale\u00a0<\/b>dans un lyc\u00e9e de la p\u00e9ninsule, je propose des stages intensifs de pr\u00e9paration au Bac et au Brevet \u00e0 des\u00a0<b>prix tr\u00e8s comp\u00e9titifs<\/b>\u00a0(environ\u00a0<b>deux fois moins chers<\/b>\u00a0que des organismes comme Cours Thal\u00e8s, Groupe R\u00e9ussite ou Averro\u00e8s).<\/p>\n<p>Ma p\u00e9dagogie repose sur le mod\u00e8le de la\u00a0<b>classe invers\u00e9e<\/b>\u00a0: les \u00e9l\u00e8ves pr\u00e9parent la th\u00e9orie en amont gr\u00e2ce \u00e0 des\u00a0<b>supports que je leur fournis moi-m\u00eame<\/b>\u00a0et que j\u2019utilise \u00e9galement avec mes \u00e9l\u00e8ves du lyc\u00e9e. Je mets aussi \u00e0 leur disposition<b>\u00a0mon num\u00e9ro WhatsApp<\/b>\u00a0afin qu\u2019ils puissent me contacter \u00e0 tout moment. Ainsi, le temps de cours est principalement consacr\u00e9 au travail sur des\u00a0<b>sujets d\u2019examen r\u00e9els<\/b>\u00a0et \u00e0 l\u2019entra\u00eenement des comp\u00e9tences attendues au Bac et au Brevet. Le stage inclut \u00e9galement la\u00a0<b>pr\u00e9paration aux \u00e9preuves pratiques d\u2019ECE<\/b>.<\/p>\n<p>Mes cours accordent une\u00a0<b>importance particuli\u00e8re \u00e0 la m\u00e9thodologie<\/b>, car j\u2019ai toujours \u00e9t\u00e9 un adepte du Thinking-Based Learning. D\u2019ailleurs, la premi\u00e8re s\u00e9ance (2 heures) est enti\u00e8rement consacr\u00e9e \u00e0 l\u2019apprentissage de la\u00a0<b>gestion des examens et de l\u2019organisation du travail<\/b>, puisque mon exp\u00e9rience d\u2019enseignant m\u2019a montr\u00e9 que c\u2019est pr\u00e9cis\u00e9ment sur ces aspects que de nombreux \u00e9l\u00e8ves perdent le plus de points.<\/p>\n<p>Vous pouvez consulter les satages que je popose sur\u00a0<u><\/u><a href=\"http:\/\/www.tonprofdesciences.com\/\" target=\"_blank\" rel=\"noopener\" data-saferedirecturl=\"https:\/\/www.google.com\/url?q=http:\/\/www.tonprofdesciences.com\/&amp;source=gmail&amp;ust=1774685552173000&amp;usg=AOvVaw0PVRn0MR3GTPT9clly7Xys\">www.tonprofdesciences.com<\/a><\/p>\n\n\n<hr class=\"wp-block-separator has-alpha-channel-opacity\"\/>\n\n\n<p><strong>Hana Hatem<\/strong> &#8211; Soutien scolaire \u2013 Fran\u00e7ais, Math\u00e9matiques, SVT &#8211; Annonce publi\u00e9e en F\u00e9vrier 2026<\/p>\n<p>Ancienne \u00e9l\u00e8ve du lyc\u00e9e fran\u00e7ais, titulaire d\u2019un\u00a0Bac S mention Tr\u00e8s Bien\u00a0et ayant termin\u00e9 mes\u00a0\u00e9tudes de m\u00e9decine en Allemagne, je propose des cours de soutien scolaire en fran\u00e7ais, math\u00e9matiques et SVT pour des \u00e9l\u00e8ves du primaire au coll\u00e8ge.<\/p>\n<p>Je dispose d\u00e9j\u00e0 d\u2019une exp\u00e9rience dans l\u2019accompagnement d\u2019\u00e9l\u00e8ves en fran\u00e7ais et m\u2019adapte au niveau ainsi qu\u2019aux besoins de chacun.<\/p>\n<p>Les cours peuvent avoir lieu \u00e0 domicile ou en ligne, \u00e0 Munich.<\/p>\n<p>N\u2019h\u00e9sitez pas \u00e0 me contacter pour toute information compl\u00e9mentaire.<\/p>\n<p>T\u00e9l\u00e9phone : +49 1520 2443001<\/p>\n<p>Email :\u00a0<a href=\"mailto:hanaabdallah27@yahoo.de\" target=\"_blank\" rel=\"noopener\">hanaabdallah27@yahoo.de<\/a><\/p>\n\n\n<hr class=\"wp-block-separator has-alpha-channel-opacity\"\/>\n\n\n<p><strong>Felix Fay<\/strong> &#8211; Soutien scolaire de la 6\u00e8me \u00e0 la 3\u00e8me &#8211; Annonce publi\u00e9e en Janvier 2026<\/p>\n<p><strong>Votre enfant est d\u00e9pass\u00e9 par les nombreuses mati\u00e8res? Submerg\u00e9 par l&#8217;emploi du temps \u00e0 rallonge\u202f? Perdu face aux exigences du cursus franco-allemand ?<\/strong><\/p>\n<p>M\u00e9decin bilingue franco-allemand, fra\u00eechement dipl\u00f4m\u00e9 de la LMU de Munich et ancien \u00e9l\u00e8ve du Lyc\u00e9e Fran\u00e7ais de Vienne (Bac mention Tr\u00e8s Bien), je propose un accompagnement personnalis\u00e9 pour les coll\u00e9giens dans les mati\u00e8res scientifiques (Math, Physique, SVT, Chimie) et en langue (allemand, fran\u00e7ais, anglais).<\/p>\n<p><strong>Mon approche :<\/strong>\u00a0Apr\u00e8s des ann\u00e9es d&#8217;\u00e9tudes exigeantes, je comprends parfaitement les d\u00e9fis du cursus franco-allemand, les probl\u00e8mes d&#8217;organisation, et les difficult\u00e9s \u00e0 prioriser que l&#8217;on peut avoir. C&#8217;est pourquoi je ne me contente pas de seulement r\u00e9viser les cours, mais j&#8217;identifie les faiblesses et points forts de chaque \u00e9l\u00e8ve et adapte mon suivi en cons\u00e9quent.<\/p>\n<p><strong>Ce que je propose :<\/strong><\/p>\n<ul>\n<li>Soutien personnalis\u00e9 de la 6\u00e8me \u00e0 la 3\u00e8me<\/li>\n<li>Pr\u00e9paration cibl\u00e9e aux contr\u00f4les, organisation des devoirs etc&#8230;<\/li>\n<li>S\u00e9ances de 1h \u00e0 2h : R\u00e9vision, Exercices, M\u00e9thodologie<\/li>\n<li>Cours \u00e0 domicile (Munich) ou en ligne via Zoom<\/li>\n<\/ul>\n<p><strong>Tarif :<\/strong>\u00a040\u20ac\/h<br \/><strong>Disponibilit\u00e9s flexibles,\u00a0Premier cours &#8220;satisfait ou rembours\u00e9&#8221;<\/strong><\/p>\n<p>Contactez-moi pour plus d&#8217;infos:\u00a0<a href=\"mailto:fay.felix@gmail.com\" target=\"_blank\" rel=\"noopener\" data-cke-saved-href=\"mailto:fay.felix@gmail.com\"><strong>fay.felix@gmail.com<\/strong><\/a>, h\u00e2te d&#8217;aider vos enfants\u202f!<\/p>\n\n\n<hr class=\"wp-block-separator has-alpha-channel-opacity\"\/>\n\n\n<div>\n<p><strong>Aurore Pasquet<\/strong> \u2013 Cours en ligne en Math\u00e9matiques, Physique et Chimie &#8211; Annonce publi\u00e9e en Octobre 2025<\/p>\n<p><u>Succ\u00e8s Scolaire<\/u><\/p>\n<\/div>\n<div>\n<p>Le premier contr\u00f4le de Maths de l\u2019ann\u00e9e s\u2019est mal pass\u00e9\u00a0? Votre enfant ne comprend pas bien les explications avec son nouveau prof\u00a0? Ils n\u2019ont pas r\u00e9ussi \u00e0 terminer le programme l\u2019ann\u00e9e derni\u00e8re\u00a0? Tant de raisons pour agir maintenant (et pas en Janvier).<\/p>\n<p>Aurore, \u00e9tudiante en 3<sup>e<\/sup> Master \u00e0 Stockholm Universit\u00e9 avec formation en Neurosciences et Maths Avanc\u00e9es, 6 ans d&#8217;exp\u00e9rience en cours particuliers, je propose des cours en ligne en Maths, Physique, et Chimie via Zoom avec outils interactifs. J&#8217;accompagne les \u00e9l\u00e8ves des Lyc\u00e9es Fran\u00e7ais de Londres, Barcelone, Munich, Francfort. S\u00e9ances de 1h \u00e0 2h : Cours, Exos, M\u00e9thodologie. Tarif Unique 50\u20ac\/h. Suivi via WhatsApp. Contactez-moi pour plus d&#8217;infos :\u00a0 <a href=\"mailto:aurore.pasquet29@gmail.com\" target=\"_self\" data-cke-saved-href=\"mailto:aurore.pasquet29@gmail.com\">aurore.pasquet29@gmail.com<\/a>.\u00a0<\/p>\n<p>Bien cordialement,<\/p>\n<p>Aurore Pasquet<\/p>\n<\/div>\n\n\n<hr class=\"wp-block-separator has-alpha-channel-opacity\"\/>\n\n\n<div><span style=\"font-family: Open Sans, sans-serif;\"><b>Ludwig Ravaille<\/b><\/span>\u00a0<span style=\"font-family: open sans, sans-serif;\">\u2013<\/span> Cours en ligne en Math\u00e9matiques &#8211; Annonce publi\u00e9e en Octobre 2025<\/div>\n<div>\u00a0<\/div>\n<div>Chers parents,<\/div>\n<div>\u00a0<\/div>\n<div>Je me pr\u00e9sente. Je m&#8217;appelle Ludwig Ravaille. Enseignant universitaire depuis plus de 20 ans \u00e0 Budapest (Universit\u00e9 ELTE, Acad\u00e9mie diplomatique hongroise), parall\u00e8lement \u00e0 mon m\u00e9tier d&#8217;enseignant en \u00e9tablissement qui me passionne, j&#8217;enseigne en cours particuliers les Math\u00e9matiques (dont Maths sp\u00e9 et Maths compl\u00e9mentaires) et les SES aux coll\u00e9giens et aux lyc\u00e9ens (dans ces deux mati\u00e8res, j&#8217;ai entre 10 et 20 \u00e9l\u00e8ves en cours particuliers par an pendant toute l&#8217;ann\u00e9e depuis 2003). Je travaille notamment en collaboration avec des professeurs du Lyc\u00e9e Fran\u00e7ais de Budapest qui me recommandent aux \u00e9l\u00e8ves et aux parents (soutien scolaire, perfectionnement, pr\u00e9paration \u00e0 l&#8217;entr\u00e9e dans l&#8217;enseignement sup\u00e9rieur et orientation dans en France pour les sp\u00e9cialit\u00e9s du lyc\u00e9e ou pour l&#8217;enseignement sup\u00e9rieur).<\/div>\n<div>\u00a0<\/div>\n<div>Je sais qu&#8217;il peut \u00eatre difficile de trouver un tr\u00e8s bon professeur de cours particuliers pour vos enfants. C&#8217;est pourquoi je vous propose mes services au sein de votre APE.<\/div>\n<div>Si vous \u00eates \u00e0 la recherche d&#8217;un professeur particulier pour vos enfants (cours en ligne via WhatsApp), voici mon e-mail et mon num\u00e9ro de t\u00e9l\u00e9phone (contact via SMS ou sur WhatsApp) :<\/div>\n<div>\u00a0<\/div>\n<div><a href=\"mailto:ravaille@hotmail.com\" target=\"_blank\" rel=\"noopener\">ravaille@hotmail.com<\/a><\/div>\n<div>Tel : 00 36 30 251 44 79<\/div>\n<div>\u00a0<\/div>\n<div>Ludwig Ravaille<\/div>\n<div>\u00a0<\/div>\n\n\n<hr class=\"wp-block-separator has-alpha-channel-opacity\"\/>\n\n\n<p dir=\"ltr\"><strong>Arthur Pasquet<\/strong> \u2013 Cours en ligne en Math\u00e9matiques, Physique et Chimie &#8211; Annonce publi\u00e9e en Septembre 2025<\/p>\n<p dir=\"ltr\">Bonjour,<\/p>\n<p dir=\"ltr\">Je suis Arthur, un fran\u00e7ais Ing\u00e9nieur en Energie. Je suis actuellement doctorant en Energie et Intelligence Artificielle \u00e0 l\u2019Universit\u00e9 Polytechnique de Catalogne (UPC) dans le cadre d\u2019un projet de l\u2019Union Europ\u00e9enne.<\/p>\n<p dir=\"ltr\">J\u2019ai \u00e9galement une Licence en Physique et Chimie.<\/p>\n<p dir=\"ltr\">Cela fait 6 ans que je donne des cours particuliers, principalement \u00e0 des \u00e9l\u00e8ves allant de 12 \u00e0 18 ans.<\/p>\n<p dir=\"ltr\">Depuis 3 ans, j\u2019accompagne dans leurs \u00e9tudes des \u00e9l\u00e8ves du Lyc\u00e9e Fran\u00e7ais de Barcelone.<\/p>\n<p dir=\"ltr\">Je suis \u00e9galement des \u00e9l\u00e8ves du Lyc\u00e9e Fran\u00e7ais Charles de Gaulle de Londres ainsi que du Lyc\u00e9e Fran\u00e7ais Jean Renoir de Munich.<\/p>\n<p dir=\"ltr\">Je propose des cours en ligne en Math\u00e9matiques, Physique et Chimie.<\/p>\n<p dir=\"ltr\">Cela se fera en ligne avec tableau interactif et tablette graphique pour un cours de qualit\u00e9.<\/p>\n<p dir=\"ltr\">Fonctionnement :<\/p>\n<p dir=\"ltr\">\u2013 \u00a0 \u00a0 \u00a0 Un groupe WhatsApp est cr\u00e9\u00e9 pour \u00e9changer entre l\u2019\u00e9l\u00e8ve, moi-m\u00eame et ses parents et assurer ainsi un suivi total.<\/p>\n<p dir=\"ltr\">\u2013 \u00a0 \u00a0 \u00a0 S\u00e9ance(s) de 1h (plus efficace)<\/p>\n<p dir=\"ltr\">\u2013 \u00a0 \u00a0 \u00a0 3 axes principaux : M\u00e9thodologie \u2013 Astuces \u2013 Accompagnement<\/p>\n<p dir=\"ltr\">\u2013 \u00a0 \u00a0 \u00a0\u00a0Compte Rendu envoy\u00e9 par email apr\u00e8s le cours.<\/p>\n<p dir=\"ltr\">\u2013 \u00a0 \u00a0 \u00a0 Contenu du cours partag\u00e9 \u00e0 l\u2019\u00e9l\u00e8ve \u00e0 la fin du cours<\/p>\n<p dir=\"ltr\">Concernant les tarifs :<\/p>\n<ul>\n<li role=\"presentation\">Coll\u00e8ge : 40\u20ac\/h<\/li>\n<li dir=\"ltr\">\n<p dir=\"ltr\" role=\"presentation\">Lyc\u00e9e : 45\u20ac\/h<\/p>\n<\/li>\n<\/ul>\n<p dir=\"ltr\">Je vous propose une le\u00e7on d\u2019essai pour discuter de vos objectifs et d\u00e9terminer si l\u2019on continue ensemble.<\/p>\n<p dir=\"ltr\">N\u2019h\u00e9sitez pas \u00e0 me contacter pour plus d\u2019information.<\/p>\n<p dir=\"ltr\">Contactez-moi par email ou par WhatsApp :<\/p>\n<p dir=\"ltr\"><a href=\"mailto:a.pasquet04@gmail.com\" target=\"_blank\" rel=\"noopener\">a.pasquet04@gmail.com<\/a><br \/>+33 6 64 08 53 06<\/p>\n\n\n<hr class=\"wp-block-separator has-alpha-channel-opacity\"\/>\n\n\n<div class=\"n module-type-text diyfeLiveArea \">\n<p><strong>Yanis Dallagi<\/strong> \u2013 Cours particuliers de maths et de physique &#8211; Annonce publi\u00e9e en Ao\u00fbt 2025<\/p>\n<p>Cher parents,\u00a0<\/p>\n<p>Je propose de donner des cours particuliers en math\u00e9matiques et\/ou physique niveau coll\u00e8ge\/lyc\u00e9e (jusqu\u2019en classe de 1re) \u00e0 partir de la rentr\u00e9e 25\/26.\u00a0<\/p>\n<p>J\u2019ai d\u00e9j\u00e0 une exp\u00e9rience dans l\u2019enseignement, j\u2019ai accompagn\u00e9 plusieurs \u00e9l\u00e8ves en classes de 3e, 2nde et 1re durant deux ann\u00e9es scolaires.\u00a0<\/p>\n<p>J\u2019ai effectu\u00e9 mon cursus scolaire \u00e0 Paris au lyc\u00e9e Jean Baptiste Say (Paris 16e) puis j\u2019ai int\u00e9gr\u00e9 une \u00e9cole d\u2019ing\u00e9nieur A\u00e9ronautique\/Spatial \u00e0 Paris, et je travaille d\u00e9sormais \u00e0 Munich.<\/p>\n<p>Je parle Fran\u00e7ais et Anglais et je suis disponible pour assurer des cours en pr\u00e9sentiel ou distanciel selon votre convenance.\u00a0\u00a0<\/p>\n<p>Si vous \u00eates, ou connaissez des familles susceptibles d\u2019\u00eatre int\u00e9ress\u00e9es, vous pouvez me joindre au : + 33 6 35 41 61 52\u00a0<\/p>\n<p>Bien cordialement,<\/p>\n<p>Yanis DALLAGI<br \/><a href=\"mailto:Dallagi.yanis@gmail.com\" target=\"_blank\" rel=\"noopener\">Dallagi.yanis@gmail.com<\/a><br \/>+ 33 6 35 41 61 52<\/p>\n<\/div>\n\n\n<hr class=\"wp-block-separator has-alpha-channel-opacity\"\/>\n\n\n<div dir=\"auto\"><strong>P\u00e9n\u00e9lope Savoy<\/strong> &#8211; Cours de soutien scolaire \u00e0 distance &#8211; Annonce publi\u00e9e en juillet 2025<\/div>\n<div dir=\"auto\">\u00a0<\/div>\n<div dir=\"auto\">Bonjour,<\/div>\n<div dir=\"auto\">\u00a0<\/div>\n<div dir=\"auto\">Je m\u2019appelle P\u00e9n\u00e9lope Savoy, j\u2019ai 18 ans et je vais d\u00e9buter ma premi\u00e8re ann\u00e9e de Bachelor \u00e0 l\u2019ESCP \u00e0 Londres en septembre 2025. Je suis actuellement en train de passer mon AbiBac, ayant d\u00e9j\u00e0 valid\u00e9 les \u00e9preuves anticip\u00e9es du baccalaur\u00e9at fran\u00e7ais l\u2019ann\u00e9e derni\u00e8re, avec 20\/20 \u00e0 l\u2019\u00e9crit de fran\u00e7ais et 15\/20 \u00e0 l\u2019oral.<\/div>\n<div dir=\"auto\">\u00a0<\/div>\n<div dir=\"auto\">Au lyc\u00e9e, j\u2019ai suivi les sp\u00e9cialit\u00e9s \u00c9conomie, SVT et LLCE Anglais, avec en options les math\u00e9matiques et l\u2019espagnol. J\u2019ai obtenu mon brevet des coll\u00e8ges avec la mention Tr\u00e8s Bien, et je suis \u00e0 l\u2019aise dans toutes les\u00a0 mati\u00e8res du programme de coll\u00e8ge.<\/div>\n<div dir=\"auto\">\u00a0<\/div>\n<div dir=\"auto\">Dans le cadre de mes \u00e9tudes, je souhaiterais proposer des cours de soutien scolaire (\u00e0 distance) aux \u00e9l\u00e8ves du coll\u00e8ge . Patiente, s\u00e9rieuse et \u00e0 l\u2019\u00e9coute, j\u2019ai d\u00e9j\u00e0 eu quelques exp\u00e9riences d\u2019aide aux devoirs\u00a0 avec des \u00e9l\u00e8ves plus jeunes et je prends beaucoup de plaisir \u00e0 transmettre ce que j\u2019ai appris.\u00a0<\/div>\n<div dir=\"auto\">Mon objectif est d\u2019accompagner les \u00e9l\u00e8ves dans leurs devoirs, leurs r\u00e9visions et leur organisation, dans une ambiance bienveillante et motivante.<\/div>\n<div dir=\"auto\">Je serais disponible selon mon emploi du temps \u00e0 venir.<\/div>\n<div dir=\"auto\">N\u2019h\u00e9sitez pas \u00e0 me contacter pour plus d\u2019informations ou pour convenir d\u2019un premier \u00e9change !<\/div>\n<div dir=\"auto\">\u00a0<\/div>\n<div dir=\"auto\">Bien cordialement,<\/div>\n<div dir=\"auto\">P\u00e9n\u00e9lope Savoy<br \/>tel: +49 173 246 3091<br \/>mail:\u00a0<a href=\"mailto:penelope.savoy@gmail.com\" target=\"_blank\" rel=\"noopener\">penelopesavoy@gmail.com<\/a><\/div>\n<div dir=\"auto\">\u00a0<\/div>\n\n\n<hr class=\"wp-block-separator has-alpha-channel-opacity\"\/>\n\n\n<p><strong>Emmanuel M\u00e9rion<\/strong> &#8211; Cours particulier en SVT &#8211; Annonce publi\u00e9e en Juillet 2023<\/p>\n<p>Votre enfant a besoin d&#8217;aide en SVT ?<\/p>\n<div>Il manque de m\u00e9thode ?<\/div>\n<div>Il a du mal \u00e0 analyser les documents ?<\/div>\n<div>Il ne sait pas organiser ses id\u00e9es ?<\/div>\n<div>\u00a0<\/div>\n<div>Ces difficult\u00e9s sont fr\u00e9quentes chez les \u00e9l\u00e8ves.<\/div>\n<div>Mais heureusement, il existe des solutions.<\/div>\n<div>\u00a0<\/div>\n<div>Je suis professeur certifi\u00e9 de SVT depuis plus de 10 ans.<\/div>\n<div>J&#8217;ai travaill\u00e9 en lyc\u00e9e et comme jury de BAC.<\/div>\n<div>Je connais parfaitement les programmes scolaires officiels et les attendus des examens.<\/div>\n<div>\u00a0<\/div>\n<div>Mon approche repose sur un accompagnement personnalis\u00e9.<\/div>\n<div>A l&#8217;aide de m\u00e9thodes simples et efficaces je peux aider votre enfant \u00e0 progresser en quelques semaines.<\/div>\n<div>J&#8217;ai d\u00e9j\u00e0 aid\u00e9 des centaines d&#8217;\u00e9l\u00e8ves \u00e0 r\u00e9ussir leurs contr\u00f4les et leurs examens.<\/div>\n<div>\u00a0<\/div>\n<div>Alors, si vous souhaitez en savoir plus sur mes services, contactez-moi d\u00e8s aujourd&#8217;hui.<\/div>\n<div>T\u00e9l.\u00a0+33 6 48 59 58 00<\/div>\n<div>Site internet :\u00a0<a href=\"http:\/\/www.leprofdesvt.fr\/\" target=\"_blank\" rel=\"noopener\">www.leprofdesvt.fr<\/a><\/div>\n<div>\u00a0<\/div>\n<div>A bient\u00f4t&#8230;<\/div>\n<div>\u00a0<\/div>\n<div>Emmanuel<\/div>\n<div>Professeur de SVT<\/div>\n<div>Certifi\u00e9 Education Nationale<\/div>\n<div>\u00a0<\/div>\n<div>Exp\u00e9rience : 12 ans en lyc\u00e9e \/ coll\u00e8ge<\/div>\n<div>Certification : CAPES &#8211; SVT (Paris)<\/div>\n<div>Dipl\u00f4me : Master II &#8211; M\u00e9tiers de l\u2019enseignement &#8211; sp\u00e9cialit\u00e9 SVT<\/div>\n<div>\u00a0<\/div>\n<div>Garantie : Premier cours &#8220;satisfait ou rembours\u00e9&#8221;<\/div>\n<div>\u00a0<\/div>\n\n\n<hr class=\"wp-block-separator has-alpha-channel-opacity\"\/>\n","protected":false},"excerpt":{"rendered":"<p>Votre espace pour les petites annonces de recherche et d&#8217;offre de soutien scolaire ou autre demande pertinente.\u00a0 Pour publier une annonce, envoyez-nous votre texte complet \u00e0 apelmunich@gmail.com RECHERCHES OFFRES Boris Bachmann -Professeur de math\u00e9matiques pour cours particuliers &#8211; Annonce publi\u00e9e en avril 2026 Je suis professeur de math\u00e9matiques et je donne des cours particuliers depuis&hellip; <br \/> <a class=\"read-more\" href=\"https:\/\/apelmunich.org\/?page_id=366\">Lire la suite<\/a><\/p>\n","protected":false},"author":2,"featured_media":0,"parent":0,"menu_order":0,"comment_status":"closed","ping_status":"closed","template":"","meta":{"footnotes":""},"class_list":["post-366","page","type-page","status-publish","hentry"],"_links":{"self":[{"href":"https:\/\/apelmunich.org\/index.php?rest_route=\/wp\/v2\/pages\/366","targetHints":{"allow":["GET"]}}],"collection":[{"href":"https:\/\/apelmunich.org\/index.php?rest_route=\/wp\/v2\/pages"}],"about":[{"href":"https:\/\/apelmunich.org\/index.php?rest_route=\/wp\/v2\/types\/page"}],"author":[{"embeddable":true,"href":"https:\/\/apelmunich.org\/index.php?rest_route=\/wp\/v2\/users\/2"}],"replies":[{"embeddable":true,"href":"https:\/\/apelmunich.org\/index.php?rest_route=%2Fwp%2Fv2%2Fcomments&post=366"}],"version-history":[{"count":55,"href":"https:\/\/apelmunich.org\/index.php?rest_route=\/wp\/v2\/pages\/366\/revisions"}],"predecessor-version":[{"id":2101,"href":"https:\/\/apelmunich.org\/index.php?rest_route=\/wp\/v2\/pages\/366\/revisions\/2101"}],"wp:attachment":[{"href":"https:\/\/apelmunich.org\/index.php?rest_route=%2Fwp%2Fv2%2Fmedia&parent=366"}],"curies":[{"name":"wp","href":"https:\/\/api.w.org\/{rel}","templated":true}]}}