{"id":386,"date":"2025-05-06T12:33:39","date_gmt":"2025-05-06T10:33:39","guid":{"rendered":"https:\/\/apelmunich.org\/?page_id=386"},"modified":"2026-02-24T22:27:43","modified_gmt":"2026-02-24T21:27:43","slug":"offre-vacances","status":"publish","type":"page","link":"https:\/\/apelmunich.org\/?page_id=386","title":{"rendered":"Offres vacances"},"content":{"rendered":"<div class=\"wp-block-image\">\n<figure class=\"aligncenter size-full is-resized\"><img fetchpriority=\"high\" decoding=\"async\" width=\"2048\" height=\"2048\" src=\"https:\/\/apelmunich.org\/wp-content\/uploads\/2025\/06\/Vacances-2.jpeg\" alt=\"\" class=\"wp-image-1467\" style=\"width:532px;height:auto\" srcset=\"https:\/\/apelmunich.org\/wp-content\/uploads\/2025\/06\/Vacances-2.jpeg 2048w, https:\/\/apelmunich.org\/wp-content\/uploads\/2025\/06\/Vacances-2-300x300.jpeg 300w, https:\/\/apelmunich.org\/wp-content\/uploads\/2025\/06\/Vacances-2-1024x1024.jpeg 1024w, https:\/\/apelmunich.org\/wp-content\/uploads\/2025\/06\/Vacances-2-150x150.jpeg 150w, https:\/\/apelmunich.org\/wp-content\/uploads\/2025\/06\/Vacances-2-768x768.jpeg 768w, https:\/\/apelmunich.org\/wp-content\/uploads\/2025\/06\/Vacances-2-1536x1536.jpeg 1536w, https:\/\/apelmunich.org\/wp-content\/uploads\/2025\/06\/Vacances-2-1080x1080.jpeg 1080w\" sizes=\"(max-width: 2048px) 100vw, 2048px\" \/><\/figure><\/div>\n\n\n<div style=\"height:23px\" aria-hidden=\"true\" class=\"wp-block-spacer\"><\/div>\n\n\n<h2 style=\"text-align: center;\"><em><span style=\"color: #1980c2;\">Voici quelques pistes pour occuper vos enfants pendant les vacances<\/span><\/em><\/h2>\n\n\n<hr class=\"wp-block-separator has-alpha-channel-opacity\"\/>\n\n\n<h3 style=\"text-align: center;\"><span style=\"color: #1980c2;\"><em><a style=\"color: #1980c2;\" href=\"https:\/\/sites.google.com\/view\/commission-vacances-ljr\/2025-2026\" target=\"_blank\" rel=\"noreferrer noopener\">La commission vacances de l\u00b4Elternbeirat<\/a> (association des parents d&#8217;\u00e9l\u00e8ves du primaire du LJR) tient un site avec beaucoup d\u00b4offres d\u00b4activit\u00e9s.<\/em><\/span><\/h3>\n\n<div class=\"wp-block-image\">\n<figure class=\"aligncenter size-large\"><img decoding=\"async\" width=\"1024\" height=\"267\" src=\"https:\/\/apelmunich.org\/wp-content\/uploads\/2026\/01\/Commission-Vacances-1024x267.jpg\" alt=\"\" class=\"wp-image-1764\" srcset=\"https:\/\/apelmunich.org\/wp-content\/uploads\/2026\/01\/Commission-Vacances-1024x267.jpg 1024w, https:\/\/apelmunich.org\/wp-content\/uploads\/2026\/01\/Commission-Vacances-300x78.jpg 300w, https:\/\/apelmunich.org\/wp-content\/uploads\/2026\/01\/Commission-Vacances-768x200.jpg 768w, https:\/\/apelmunich.org\/wp-content\/uploads\/2026\/01\/Commission-Vacances-1536x400.jpg 1536w, https:\/\/apelmunich.org\/wp-content\/uploads\/2026\/01\/Commission-Vacances.jpg 1602w\" sizes=\"(max-width: 1024px) 100vw, 1024px\" \/><\/figure><\/div>\n\n<h3 style=\"text-align: center;\"><span style=\"color: #1980c2;\"><em>Il s\u00b4adresse principalement aux enfants du primaire, mais il y a \u00e9galement beaucoup d\u00b4offre pour les enfants du secondaire, pour les vacances mais aussi pour les activit\u00e9s tout au long de l\u00b4ann\u00e9e!<\/em><\/span><\/h3>\n\n\n<div style=\"height:36px\" aria-hidden=\"true\" class=\"wp-block-spacer\"><\/div>\n\n\n\n<hr class=\"wp-block-separator has-alpha-channel-opacity\"\/>\n\n\n\n<div style=\"height:35px\" aria-hidden=\"true\" class=\"wp-block-spacer\"><\/div>\n\n\n\n<div class=\"wp-block-columns is-layout-flex wp-container-core-columns-is-layout-9d6595d7 wp-block-columns-is-layout-flex\">\n<div class=\"wp-block-column is-layout-flow wp-block-column-is-layout-flow\">\n<h3 class=\"wp-block-heading has-text-align-center\"><span style=\"color: #1980c2;\"><em><a style=\"color: #1980c2;\" href=\"https:\/\/omniglotti.art\/fr\/activite\/workshop-theatre-ado-de-paques\/\" target=\"_blank\" rel=\"noopener\" data-cke-saved-href=\"https:\/\/omniglotti.art\/fr\/\">Improvisation th\u00e9atrale pour les ados<\/a> avec <a style=\"color: #1980c2;\" href=\"https:\/\/omniglotti.art\/fr\/\" target=\"_blank\" rel=\"noopener\">Omniglotti<\/a><\/em><\/span><\/h3>\n\n\n<div class=\"wp-block-image\">\n<figure class=\"aligncenter size-large is-resized\"><a href=\"https:\/\/omniglotti.art\/fr\/activite\/workshop-theatre-ado-de-paques\/\" target=\"_blank\" rel=\" noreferrer noopener\"><img decoding=\"async\" width=\"724\" height=\"1024\" src=\"https:\/\/apelmunich.org\/wp-content\/uploads\/2026\/01\/WorkshopADO-724x1024.jpeg\" alt=\"\" class=\"wp-image-1730\" style=\"width:398px;height:auto\" srcset=\"https:\/\/apelmunich.org\/wp-content\/uploads\/2026\/01\/WorkshopADO-724x1024.jpeg 724w, https:\/\/apelmunich.org\/wp-content\/uploads\/2026\/01\/WorkshopADO-212x300.jpeg 212w, https:\/\/apelmunich.org\/wp-content\/uploads\/2026\/01\/WorkshopADO-768x1086.jpeg 768w, https:\/\/apelmunich.org\/wp-content\/uploads\/2026\/01\/WorkshopADO-1086x1536.jpeg 1086w, https:\/\/apelmunich.org\/wp-content\/uploads\/2026\/01\/WorkshopADO-1024x1448.jpeg 1024w, https:\/\/apelmunich.org\/wp-content\/uploads\/2026\/01\/WorkshopADO-764x1080.jpeg 764w, https:\/\/apelmunich.org\/wp-content\/uploads\/2026\/01\/WorkshopADO.jpeg 1414w\" sizes=\"(max-width: 724px) 100vw, 724px\" \/><\/a><\/figure><\/div><\/div>\n\n\n\n<div class=\"wp-block-column is-layout-flow wp-block-column-is-layout-flow\">\n<h3 class=\"wp-block-heading has-text-align-center\"><span style=\"color: #1980c2;\"><em><a style=\"color: #1980c2;\" href=\"https:\/\/diegipfelstuermer.org\/\" target=\"_blank\" rel=\"noopener\">Gipfelst\u00fcrmer<\/a> &#8211; S\u00e9jours organis\u00e9s toute l\u00b4ann\u00e9e (ski en hiver, camps), avec des <a style=\"color: #1980c2;\" href=\"https:\/\/diegipfelstuermer.org\/collections\/esm-ljr\" target=\"_blank\" rel=\"noopener\">offres sp\u00e9ciales pour le LJR<\/a><\/em><\/span><\/h3>\n\n\n\n<figure class=\"wp-block-image\"><a href=\"https:\/\/diegipfelstuermer.org\/\" target=\"_blank\" rel=\" noreferrer noopener\"><img loading=\"lazy\" decoding=\"async\" width=\"590\" height=\"409\" src=\"https:\/\/apelmunich.org\/wp-content\/uploads\/2026\/01\/Gipfelsturmer.jpg\" alt=\"\" class=\"wp-image-1814\" srcset=\"https:\/\/apelmunich.org\/wp-content\/uploads\/2026\/01\/Gipfelsturmer.jpg 590w, https:\/\/apelmunich.org\/wp-content\/uploads\/2026\/01\/Gipfelsturmer-300x208.jpg 300w\" sizes=\"(max-width: 590px) 100vw, 590px\" \/><\/a><\/figure>\n<\/div>\n<\/div>\n\n\n\n<div style=\"height:83px\" aria-hidden=\"true\" class=\"wp-block-spacer\"><\/div>\n\n\n\n<div class=\"wp-block-columns is-layout-flex wp-container-core-columns-is-layout-9d6595d7 wp-block-columns-is-layout-flex\">\n<div class=\"wp-block-column is-layout-flow wp-block-column-is-layout-flow\">\n<h3 class=\"wp-block-heading has-text-align-center\"><span style=\"color: #1980c2;\"><em><a href=\"https:\/\/www.cremona-activities.de\/\" target=\"_blank\" rel=\"noreferrer noopener\">Cremona Activities<\/a> propose des activit\u00e9s sportives pour les vacances<\/em><\/span><\/h3>\n\n\n<div class=\"wp-block-image\">\n<figure class=\"aligncenter size-full is-resized\"><a href=\"https:\/\/www.cremona-activities.de\/\" target=\"_blank\" rel=\" noreferrer noopener\"><img loading=\"lazy\" decoding=\"async\" width=\"282\" height=\"165\" src=\"https:\/\/apelmunich.org\/wp-content\/uploads\/2026\/02\/Cremona.jpg\" alt=\"\" class=\"wp-image-1966\" style=\"width:360px;height:auto\"\/><\/a><\/figure><\/div><\/div>\n\n\n\n<div class=\"wp-block-column is-layout-flow wp-block-column-is-layout-flow\">\n<h3 class=\"wp-block-heading has-text-align-center\"><em style=\"color: rgb(25, 128, 194);\">Des activit\u00e9s sportives pour les vacances de P\u00e2ques propos\u00e9es par<\/em><span style=\"color: #1980c2;\"><em> <\/em><\/span><span style=\"color: #1980c2;\"><em><a href=\"https:\/\/www.ultimative-freizeiten.de\/\" data-type=\"link\" data-id=\"https:\/\/www.ultimative-freizeiten.de\/\" target=\"_blank\" rel=\"noreferrer noopener\">Ultimate Freizeiten<\/a><\/em><\/span><\/h3>\n\n\n<div class=\"wp-block-image\">\n<figure class=\"aligncenter size-full\"><a href=\"https:\/\/www.ultimative-freizeiten.de\/\" target=\"_blank\" rel=\" noreferrer noopener\"><img loading=\"lazy\" decoding=\"async\" width=\"2560\" height=\"567\" src=\"https:\/\/apelmunich.org\/wp-content\/uploads\/2026\/02\/Ultimative-Freizeiten-scaled.jpg\" alt=\"\" class=\"wp-image-1978\" srcset=\"https:\/\/apelmunich.org\/wp-content\/uploads\/2026\/02\/Ultimative-Freizeiten-scaled.jpg 2560w, https:\/\/apelmunich.org\/wp-content\/uploads\/2026\/02\/Ultimative-Freizeiten-300x66.jpg 300w, https:\/\/apelmunich.org\/wp-content\/uploads\/2026\/02\/Ultimative-Freizeiten-1024x227.jpg 1024w, https:\/\/apelmunich.org\/wp-content\/uploads\/2026\/02\/Ultimative-Freizeiten-768x170.jpg 768w, https:\/\/apelmunich.org\/wp-content\/uploads\/2026\/02\/Ultimative-Freizeiten-1536x340.jpg 1536w, https:\/\/apelmunich.org\/wp-content\/uploads\/2026\/02\/Ultimative-Freizeiten-2048x453.jpg 2048w, https:\/\/apelmunich.org\/wp-content\/uploads\/2026\/02\/Ultimative-Freizeiten-1920x425.jpg 1920w\" sizes=\"(max-width: 2560px) 100vw, 2560px\" \/><\/a><\/figure><\/div>\n\n\n<p class=\"has-text-align-center\"><em style=\"color: rgb(25, 128, 194);\"><em style=\"color: rgb(25, 128, 194);\">Les activit\u00e9s sont organis\u00e9es en priorit\u00e9 pour les enfants des employ\u00e9s de l\u00b4Office Europ\u00e9en des Brevets, mais ouvertes \u00e0 tous pour les places restantes<\/em><\/em><\/p>\n<\/div>\n<\/div>\n\n\n\n<div style=\"height:80px\" aria-hidden=\"true\" class=\"wp-block-spacer\"><\/div>\n\n\n\n<div class=\"wp-block-columns is-layout-flex wp-container-core-columns-is-layout-9d6595d7 wp-block-columns-is-layout-flex\">\n<div class=\"wp-block-column is-layout-flow wp-block-column-is-layout-flow\">\n<h3 class=\"wp-block-heading has-text-align-center\"><em style=\"color: rgb(25, 128, 194);\">Camps de foot par la <a href=\"https:\/\/www.muenchner-fussball-schule.de\/\" data-type=\"link\" data-id=\"https:\/\/www.muenchner-fussball-schule.de\/\" target=\"_blank\" rel=\"noreferrer noopener\">M\u00fcnchen Fussball Schule<\/a><\/em><\/h3>\n\n\n<div class=\"wp-block-image\">\n<figure class=\"aligncenter size-full\"><a href=\"https:\/\/www.muenchner-fussball-schule.de\/\" target=\"_blank\" rel=\" noreferrer noopener\"><img loading=\"lazy\" decoding=\"async\" width=\"398\" height=\"398\" src=\"https:\/\/apelmunich.org\/wp-content\/uploads\/2026\/02\/Munchner-Fussball-Schule.jpg\" alt=\"\" class=\"wp-image-1981\" srcset=\"https:\/\/apelmunich.org\/wp-content\/uploads\/2026\/02\/Munchner-Fussball-Schule.jpg 398w, https:\/\/apelmunich.org\/wp-content\/uploads\/2026\/02\/Munchner-Fussball-Schule-300x300.jpg 300w, https:\/\/apelmunich.org\/wp-content\/uploads\/2026\/02\/Munchner-Fussball-Schule-150x150.jpg 150w\" sizes=\"(max-width: 398px) 100vw, 398px\" \/><\/a><\/figure><\/div><\/div>\n\n\n\n<div class=\"wp-block-column is-layout-flow wp-block-column-is-layout-flow\">\n<h3 class=\"wp-block-heading has-text-align-center\"><em style=\"color: rgb(25, 128, 194);\">Du Parcours avec <a href=\"https:\/\/parkourworkshop.com\/\" data-type=\"link\" data-id=\"https:\/\/parkourworkshop.com\/\" target=\"_blank\" rel=\"noreferrer noopener\">Parkourworkshop<\/a><\/em><\/h3>\n\n\n\n<figure class=\"wp-block-image size-large\"><a href=\"https:\/\/parkourworkshop.com\/\" target=\"_blank\" rel=\" noreferrer noopener\"><img loading=\"lazy\" decoding=\"async\" width=\"1024\" height=\"613\" src=\"https:\/\/apelmunich.org\/wp-content\/uploads\/2026\/02\/Parkour-1024x613.jpg\" alt=\"\" class=\"wp-image-1987\" srcset=\"https:\/\/apelmunich.org\/wp-content\/uploads\/2026\/02\/Parkour-1024x613.jpg 1024w, https:\/\/apelmunich.org\/wp-content\/uploads\/2026\/02\/Parkour-300x179.jpg 300w, https:\/\/apelmunich.org\/wp-content\/uploads\/2026\/02\/Parkour-768x459.jpg 768w, https:\/\/apelmunich.org\/wp-content\/uploads\/2026\/02\/Parkour-1536x919.jpg 1536w, https:\/\/apelmunich.org\/wp-content\/uploads\/2026\/02\/Parkour.jpg 1633w\" sizes=\"(max-width: 1024px) 100vw, 1024px\" \/><\/a><\/figure>\n<\/div>\n<\/div>\n\n\n\n<div style=\"height:68px\" aria-hidden=\"true\" class=\"wp-block-spacer\"><\/div>\n\n\n\n<div class=\"wp-block-columns is-layout-flex wp-container-core-columns-is-layout-9d6595d7 wp-block-columns-is-layout-flex\">\n<div class=\"wp-block-column is-layout-flow wp-block-column-is-layout-flow\">\n<h3 class=\"wp-block-heading has-text-align-center\"><em style=\"color: rgb(25, 128, 194);\">Du Badmington (pour jeunes et adultes) avec la <a href=\"https:\/\/badminton-academy-munich.com\/\" data-type=\"link\" data-id=\"https:\/\/badminton-academy-munich.com\/\" target=\"_blank\" rel=\"noreferrer noopener\">BAM (Badmington Academy Munich)<\/a><\/em><\/h3>\n\n\n<div class=\"wp-block-image\">\n<figure class=\"aligncenter size-full is-resized\"><a href=\"https:\/\/badminton-academy-munich.com\/\" target=\"_blank\" rel=\" noreferrer noopener\"><img loading=\"lazy\" decoding=\"async\" width=\"450\" height=\"105\" src=\"https:\/\/apelmunich.org\/wp-content\/uploads\/2026\/02\/BAM.jpg\" alt=\"\" class=\"wp-image-1992\" style=\"width:399px;height:auto\" srcset=\"https:\/\/apelmunich.org\/wp-content\/uploads\/2026\/02\/BAM.jpg 450w, https:\/\/apelmunich.org\/wp-content\/uploads\/2026\/02\/BAM-300x70.jpg 300w\" sizes=\"(max-width: 450px) 100vw, 450px\" \/><\/a><\/figure><\/div>\n\n<div class=\"wp-block-image\">\n<figure class=\"aligncenter size-large is-resized\"><a href=\"https:\/\/badminton-academy-munich.com\/\" target=\"_blank\" rel=\" noreferrer noopener\"><img loading=\"lazy\" decoding=\"async\" width=\"1024\" height=\"238\" src=\"https:\/\/apelmunich.org\/wp-content\/uploads\/2026\/02\/Badmington-1-1024x238.jpg\" alt=\"\" class=\"wp-image-1991\" style=\"width:399px;height:auto\" srcset=\"https:\/\/apelmunich.org\/wp-content\/uploads\/2026\/02\/Badmington-1-1024x238.jpg 1024w, https:\/\/apelmunich.org\/wp-content\/uploads\/2026\/02\/Badmington-1-300x70.jpg 300w, https:\/\/apelmunich.org\/wp-content\/uploads\/2026\/02\/Badmington-1-768x178.jpg 768w, https:\/\/apelmunich.org\/wp-content\/uploads\/2026\/02\/Badmington-1-1536x357.jpg 1536w, https:\/\/apelmunich.org\/wp-content\/uploads\/2026\/02\/Badmington-1-2048x476.jpg 2048w, https:\/\/apelmunich.org\/wp-content\/uploads\/2026\/02\/Badmington-1-1920x446.jpg 1920w\" sizes=\"(max-width: 1024px) 100vw, 1024px\" \/><\/a><\/figure><\/div><\/div>\n\n\n\n<div class=\"wp-block-column is-layout-flow wp-block-column-is-layout-flow\"><\/div>\n<\/div>\n\n\n\n<div style=\"height:67px\" aria-hidden=\"true\" class=\"wp-block-spacer\"><\/div>\n\n\n\n<hr class=\"wp-block-separator has-alpha-channel-opacity\"\/>\n\n\n<h2 style=\"text-align: center;\"><em><strong><span style=\"color: #1980c2;\">Activit\u00e9s tout au long de l\u00b4ann\u00e9e<\/span><\/strong><\/em><\/h2>\n\n\n<div class=\"wp-block-columns are-vertically-aligned-center is-layout-flex wp-container-core-columns-is-layout-9d6595d7 wp-block-columns-is-layout-flex\">\n<div class=\"wp-block-column is-vertically-aligned-center is-layout-flow wp-block-column-is-layout-flow\"><div class=\"wp-block-image wp-duotone-unset-1\">\n<figure class=\"aligncenter size-large is-resized\"><a href=\"https:\/\/www.franzmuenchen.de\/activites\/atelier-th%C3%A9%C3%A2tre-pour-adolescents-14-17-ans\/\" target=\"_blank\" rel=\" noreferrer noopener\"><img loading=\"lazy\" decoding=\"async\" width=\"722\" height=\"1024\" src=\"https:\/\/apelmunich.org\/wp-content\/uploads\/2026\/02\/theatre-pour-ados-722x1024.jpg\" alt=\"\" class=\"wp-image-1900\" style=\"width:398px;height:auto\" srcset=\"https:\/\/apelmunich.org\/wp-content\/uploads\/2026\/02\/theatre-pour-ados-722x1024.jpg 722w, https:\/\/apelmunich.org\/wp-content\/uploads\/2026\/02\/theatre-pour-ados-212x300.jpg 212w, https:\/\/apelmunich.org\/wp-content\/uploads\/2026\/02\/theatre-pour-ados-768x1089.jpg 768w, https:\/\/apelmunich.org\/wp-content\/uploads\/2026\/02\/theatre-pour-ados-1083x1536.jpg 1083w, https:\/\/apelmunich.org\/wp-content\/uploads\/2026\/02\/theatre-pour-ados-1024x1452.jpg 1024w, https:\/\/apelmunich.org\/wp-content\/uploads\/2026\/02\/theatre-pour-ados-761x1080.jpg 761w, https:\/\/apelmunich.org\/wp-content\/uploads\/2026\/02\/theatre-pour-ados.jpg 1410w\" sizes=\"(max-width: 722px) 100vw, 722px\" \/><\/a><\/figure><\/div><\/div>\n\n\n\n<div class=\"wp-block-column is-vertically-aligned-center is-layout-flow wp-block-column-is-layout-flow\"><div class=\"wp-block-image\">\n<figure class=\"aligncenter size-large is-resized\"><a href=\"https:\/\/www.franzmuenchen.de\/activites\/l-environnement-en-action-et-en-fran%C3%A7ais\/\" target=\"_blank\" rel=\" noreferrer noopener\"><img loading=\"lazy\" decoding=\"async\" width=\"722\" height=\"1024\" src=\"https:\/\/apelmunich.org\/wp-content\/uploads\/2026\/02\/Flyers-Parcours-environnement-722x1024.jpg\" alt=\"\" class=\"wp-image-1901\" style=\"width:387px;height:auto\" srcset=\"https:\/\/apelmunich.org\/wp-content\/uploads\/2026\/02\/Flyers-Parcours-environnement-722x1024.jpg 722w, https:\/\/apelmunich.org\/wp-content\/uploads\/2026\/02\/Flyers-Parcours-environnement-212x300.jpg 212w, https:\/\/apelmunich.org\/wp-content\/uploads\/2026\/02\/Flyers-Parcours-environnement-768x1089.jpg 768w, https:\/\/apelmunich.org\/wp-content\/uploads\/2026\/02\/Flyers-Parcours-environnement-1083x1536.jpg 1083w, https:\/\/apelmunich.org\/wp-content\/uploads\/2026\/02\/Flyers-Parcours-environnement-1024x1452.jpg 1024w, https:\/\/apelmunich.org\/wp-content\/uploads\/2026\/02\/Flyers-Parcours-environnement-761x1080.jpg 761w, https:\/\/apelmunich.org\/wp-content\/uploads\/2026\/02\/Flyers-Parcours-environnement.jpg 1410w\" sizes=\"(max-width: 722px) 100vw, 722px\" \/><\/a><\/figure><\/div><\/div>\n<\/div>\n\n\n\n<p><\/p>\n","protected":false},"excerpt":{"rendered":"<p>Voici quelques pistes pour occuper vos enfants pendant les vacances La commission vacances de l\u00b4Elternbeirat (association des parents d&#8217;\u00e9l\u00e8ves du primaire du LJR) tient un site avec beaucoup d\u00b4offres d\u00b4activit\u00e9s. Il s\u00b4adresse principalement aux enfants du primaire, mais il y a \u00e9galement beaucoup d\u00b4offre pour les enfants du secondaire, pour les vacances mais aussi pour&hellip; <br \/> <a class=\"read-more\" href=\"https:\/\/apelmunich.org\/?page_id=386\">Lire la suite<\/a><\/p>\n","protected":false},"author":2,"featured_media":0,"parent":0,"menu_order":0,"comment_status":"closed","ping_status":"closed","template":"","meta":{"footnotes":""},"class_list":["post-386","page","type-page","status-publish","hentry"],"_links":{"self":[{"href":"https:\/\/apelmunich.org\/index.php?rest_route=\/wp\/v2\/pages\/386","targetHints":{"allow":["GET"]}}],"collection":[{"href":"https:\/\/apelmunich.org\/index.php?rest_route=\/wp\/v2\/pages"}],"about":[{"href":"https:\/\/apelmunich.org\/index.php?rest_route=\/wp\/v2\/types\/page"}],"author":[{"embeddable":true,"href":"https:\/\/apelmunich.org\/index.php?rest_route=\/wp\/v2\/users\/2"}],"replies":[{"embeddable":true,"href":"https:\/\/apelmunich.org\/index.php?rest_route=%2Fwp%2Fv2%2Fcomments&post=386"}],"version-history":[{"count":134,"href":"https:\/\/apelmunich.org\/index.php?rest_route=\/wp\/v2\/pages\/386\/revisions"}],"predecessor-version":[{"id":2004,"href":"https:\/\/apelmunich.org\/index.php?rest_route=\/wp\/v2\/pages\/386\/revisions\/2004"}],"wp:attachment":[{"href":"https:\/\/apelmunich.org\/index.php?rest_route=%2Fwp%2Fv2%2Fmedia&parent=386"}],"curies":[{"name":"wp","href":"https:\/\/api.w.org\/{rel}","templated":true}]}}