{"id":390,"date":"2025-05-06T12:34:17","date_gmt":"2025-05-06T10:34:17","guid":{"rendered":"https:\/\/apelmunich.org\/?page_id=390"},"modified":"2026-01-29T13:50:56","modified_gmt":"2026-01-29T12:50:56","slug":"adresses-utiles","status":"publish","type":"page","link":"https:\/\/apelmunich.org\/?page_id=390","title":{"rendered":"Adresses utiles"},"content":{"rendered":"<h2>Education<\/h2>\n\n\n<div style=\"height:17px\" aria-hidden=\"true\" class=\"wp-block-spacer\"><\/div>\n\n\n<div>\n<p><strong><a href=\"http:\/\/www.lycee-jean-renoir.de\/\" target=\"_blank\" rel=\"noopener\">http:\/\/www.lycee-jean-renoir.de\/<\/a><\/strong> Site du Lyc\u00e9e Jean Renoir de Munich<\/p>\n<p><a style=\"font-size: revert; font-family: -apple-system, BlinkMacSystemFont, 'Segoe UI', Roboto, Oxygen-Sans, Ubuntu, Cantarell, 'Helvetica Neue', sans-serif;\" href=\"http:\/\/www.education.gouv.fr\/\" target=\"_blank\" rel=\"noopener\"><strong>http:\/\/www.education.gouv.fr\/<\/strong><\/a><span style=\"font-size: revert; color: initial; font-family: -apple-system, BlinkMacSystemFont, 'Segoe UI', Roboto, Oxygen-Sans, Ubuntu, Cantarell, 'Helvetica Neue', sans-serif;\">\u00a0Site du Minist\u00e8re de l\u00b4Education Nationale<\/span><\/p>\n<\/div>\n<p class=\"n module-type-text diyfeLiveArea \"><strong><a href=\"http:\/\/eduscol.education.fr\/\" target=\"_blank\" rel=\"noopener\">http:\/\/eduscol.education.fr\/<\/a><\/strong>\u00a0Les programmes officiels du coll\u00e8ge et du lyc\u00e9e.<\/p>\n<p><strong><a href=\"http:\/\/www.schulberatung.bayern.de\/schulberatung\/muenchen\/\" target=\"_blank\" rel=\"noopener\">http:\/\/www.schulberatung.bayern.de\/schulberatung\/muenchen\/<\/a>\u00a0<\/strong>\u00a0Site du &#8220;Schulberatungsstelle&#8221; de la ville de Munich<\/p>\n<p><strong><a href=\"http:\/\/www.onisep.fr\/\" target=\"_blank\" rel=\"noopener\">http:\/\/www.onisep.fr\/<\/a><\/strong>\u00a0\u00a0Les publications de l\u00b4ONISEP sont une source incontournable pour des renseignements sur l\u00b4\u00e9cole, la formation, l\u00b4orientation, et les m\u00e9tiers<\/p>\n<p><strong><a href=\"http:\/\/www.aefe.fr\/\" target=\"_blank\" rel=\"noopener\">http:\/\/www.aefe.fr\/<\/a><\/strong>\u00a0\u00a0\u00a0\u00a0\u00a0\u00a0 L\u00b4AEFE (Agence pour l\u00b4enseignement du fran\u00e7ais \u00e0 l&#8217;\u00e9tranger) est l\u00b4organisme de tutelle dont d\u00e9pend le Lyc\u00e9e Jean Renoir.<\/p>\n<p>\u00a0<\/p>\n\n\n<hr class=\"wp-block-separator has-alpha-channel-opacity\"\/>\n\n\n<h2>Infos pour les expatri\u00e9s<\/h2>\n<div class=\"n module-type-textWithImage diyfeLiveArea \">\n<div id=\"textWithImage-5781357015\" class=\"clearover \">\n<div class=\"textwrapper\">\n<p><strong><a href=\"https:\/\/lepetitjournal.com\/\" target=\"_blank\" rel=\"noopener\">Le petit journal<\/a><\/strong>: Quotidien d\u00e9di\u00e9 \u00e0 la communaut\u00e9 des Fran\u00e7ais expatri\u00e9s et des francophones. Poss\u00e8de une \u00e9dition consacr\u00e9e \u00e0 <a href=\"https:\/\/lepetitjournal.com\/munich\" target=\"_blank\" rel=\"noopener\">Munich<\/a>, et propose r\u00e9guli\u00e8rement des webinaires consacr\u00e9s \u00e0 l\u00b4\u00e9ducation.<\/p>\n<p><strong><a href=\"https:\/\/www.francaisaletranger.fr\/\" target=\"_blank\" rel=\"noopener\">Fran\u00e7ais \u00e0 l\u00b4\u00e9tranger<\/a> : <\/strong>Diff\u00e9rentes rubriques dont une rubrique consacr\u00e9e \u00e0 <a href=\"https:\/\/www.francaisaletranger.fr\/etudier-et-travailler\/\" target=\"_blank\" rel=\"noopener\">l\u00b4\u00e9ducation<\/a>, propose \u00e9galement des <a href=\"https:\/\/www.francaisaletranger.fr\/guides\/\" target=\"_blank\" rel=\"noopener\">guides<\/a> et des <a href=\"https:\/\/www.francaisaletranger.fr\/tag\/podcast\/\" target=\"_blank\" rel=\"noopener\">Podcasts<\/a>. Une page est consacr\u00e9e \u00e0 <a href=\"https:\/\/www.francaisaletranger.fr\/pays\/allemagne\/\" target=\"_blank\" rel=\"noopener\">l\u00b4Allemagne<\/a>.<\/p>\n<p><strong><a href=\"https:\/\/www.expat.com\/fr\/\" target=\"_blank\" rel=\"noopener\">Expat.com<\/a>: <\/strong>le guide de l\u00b4expatri\u00e9, avec des <a href=\"https:\/\/www.expat.com\/fr\/guide\/\" target=\"_blank\" rel=\"noopener\">guides<\/a> th\u00e9matiques dont un guide consacr\u00e9 \u00e0 <a href=\"https:\/\/www.expat.com\/fr\/guide\/europe\/allemagne\/\" target=\"_blank\" rel=\"noopener\">l\u00b4Allemagne<\/a>.<\/p>\n<p><strong><a href=\"https:\/\/www.facebook.com\/groups\/mfcframuc\/?locale=fr_FR\" target=\"_blank\" rel=\"noopener\">FRAMUC<\/a><\/strong> : La page Facebook du portail des Fran\u00e7ais et francophiles de Munich et Bavi\u00e8re. Avec son groupe de discutions : <strong><a href=\"https:\/\/groups.io\/g\/Framuc\" target=\"_blank\" rel=\"noopener\">https:\/\/groups.io\/g\/Framuc<\/a><\/strong><\/p>\n<p><a href=\"https:\/\/www.facebook.com\/groups\/259682747734801\" target=\"_blank\" rel=\"noopener\"><strong>https:\/\/www.facebook.com\/groups\/259682747734801<\/strong><\/a> : Groupe Facebook de petites annonces francophones \u00e0 Munich et environs<\/p>\n<p>\u00a0<\/p>\n<\/div>\n<\/div>\n<\/div>\n\n\n<hr class=\"wp-block-separator has-alpha-channel-opacity\"\/>\n\n\n<p><a href=\"https:\/\/www.podcastics.com\/podcast\/a-propos-radio-lora-munich\/\" target=\"_blank\" rel=\"noopener\"><strong>\u00c0-PROPOS | Radio Lora Munich<\/strong><\/a> :\u00a0L&#8217;\u00e9mission pour les francophones de Munich, de Bavi\u00e8re et d&#8217;ailleurs<\/p>\n\n\n<hr class=\"wp-block-separator has-alpha-channel-opacity\"\/>\n\n\n\n<p>Traductrice asserment\u00e9e:&nbsp;<\/p>\n\n\n\n<p><strong>Agn\u00e8s Tajedini<\/strong><\/p>\n\n\n\n<p><strong>Staatl. gepr\u00fcfte \u00dcbersetzerin und Dolmetscherin<\/strong><\/p>\n\n\n\n<p><strong>Fachgebiet Recht<\/strong><\/p>\n\n\n\n<p><strong>Deutsch \u2013 Franz\u00f6sisch &#8211; Englisch<\/strong><\/p>\n\n\n\n<p><strong>ATC TRANSLATIONS&nbsp;<\/strong>&nbsp;\u2013&nbsp;Kontakt: +49 1578 520 3797 \u2013&nbsp;<strong><a href=\"mailto:agnes@atctranslations.com\" target=\"_blank\" rel=\"noreferrer noopener\">agnes@atctranslations.com<\/a>&nbsp;<\/strong><\/p>\n","protected":false},"excerpt":{"rendered":"<p>Education http:\/\/www.lycee-jean-renoir.de\/ Site du Lyc\u00e9e Jean Renoir de Munich http:\/\/www.education.gouv.fr\/\u00a0Site du Minist\u00e8re de l\u00b4Education Nationale http:\/\/eduscol.education.fr\/\u00a0Les programmes officiels du coll\u00e8ge et du lyc\u00e9e. http:\/\/www.schulberatung.bayern.de\/schulberatung\/muenchen\/\u00a0\u00a0Site du &#8220;Schulberatungsstelle&#8221; de la ville de Munich http:\/\/www.onisep.fr\/\u00a0\u00a0Les publications de l\u00b4ONISEP sont une source incontournable pour des renseignements sur l\u00b4\u00e9cole, la formation, l\u00b4orientation, et les m\u00e9tiers http:\/\/www.aefe.fr\/\u00a0\u00a0\u00a0\u00a0\u00a0\u00a0 L\u00b4AEFE (Agence pour l\u00b4enseignement&hellip; <br \/> <a class=\"read-more\" href=\"https:\/\/apelmunich.org\/?page_id=390\">Lire la suite<\/a><\/p>\n","protected":false},"author":2,"featured_media":0,"parent":0,"menu_order":0,"comment_status":"closed","ping_status":"closed","template":"","meta":{"footnotes":""},"class_list":["post-390","page","type-page","status-publish","hentry"],"_links":{"self":[{"href":"https:\/\/apelmunich.org\/index.php?rest_route=\/wp\/v2\/pages\/390","targetHints":{"allow":["GET"]}}],"collection":[{"href":"https:\/\/apelmunich.org\/index.php?rest_route=\/wp\/v2\/pages"}],"about":[{"href":"https:\/\/apelmunich.org\/index.php?rest_route=\/wp\/v2\/types\/page"}],"author":[{"embeddable":true,"href":"https:\/\/apelmunich.org\/index.php?rest_route=\/wp\/v2\/users\/2"}],"replies":[{"embeddable":true,"href":"https:\/\/apelmunich.org\/index.php?rest_route=%2Fwp%2Fv2%2Fcomments&post=390"}],"version-history":[{"count":53,"href":"https:\/\/apelmunich.org\/index.php?rest_route=\/wp\/v2\/pages\/390\/revisions"}],"predecessor-version":[{"id":1886,"href":"https:\/\/apelmunich.org\/index.php?rest_route=\/wp\/v2\/pages\/390\/revisions\/1886"}],"wp:attachment":[{"href":"https:\/\/apelmunich.org\/index.php?rest_route=%2Fwp%2Fv2%2Fmedia&parent=390"}],"curies":[{"name":"wp","href":"https:\/\/api.w.org\/{rel}","templated":true}]}}